{"version":"1.0","provider_name":"Charneux","provider_url":"https:\/\/charneux.be\/preprod","author_name":"Laurent Flavion","author_url":"https:\/\/charneux.be\/preprod\/author\/laurent\/","title":"Am\u00e9nagement des abords de l'\u00e9cole maternelle. - Charneux","type":"rich","width":600,"height":338,"html":"<blockquote class=\"wp-embedded-content\" data-secret=\"EU4M75ya8J\"><a href=\"https:\/\/charneux.be\/preprod\/amenagement-des-abords-de-lecole-maternelle\/\">Am\u00e9nagement des abords de l&rsquo;\u00e9cole maternelle.<\/a><\/blockquote><iframe sandbox=\"allow-scripts\" security=\"restricted\" src=\"https:\/\/charneux.be\/preprod\/amenagement-des-abords-de-lecole-maternelle\/embed\/#?secret=EU4M75ya8J\" width=\"600\" height=\"338\" title=\"\u00ab\u00a0Am\u00e9nagement des abords de l&rsquo;\u00e9cole maternelle.\u00a0\u00bb &#8212; Charneux\" data-secret=\"EU4M75ya8J\" frameborder=\"0\" marginwidth=\"0\" marginheight=\"0\" scrolling=\"no\" class=\"wp-embedded-content\"><\/iframe><script>\n\/*! This file is auto-generated *\/\n!function(d,l){\"use strict\";l.querySelector&&d.addEventListener&&\"undefined\"!=typeof URL&&(d.wp=d.wp||{},d.wp.receiveEmbedMessage||(d.wp.receiveEmbedMessage=function(e){var t=e.data;if((t||t.secret||t.message||t.value)&&!\/[^a-zA-Z0-9]\/.test(t.secret)){for(var s,r,n,a=l.querySelectorAll('iframe[data-secret=\"'+t.secret+'\"]'),o=l.querySelectorAll('blockquote[data-secret=\"'+t.secret+'\"]'),c=new RegExp(\"^https?:$\",\"i\"),i=0;i<o.length;i++)o[i].style.display=\"none\";for(i=0;i<a.length;i++)s=a[i],e.source===s.contentWindow&&(s.removeAttribute(\"style\"),\"height\"===t.message?(1e3<(r=parseInt(t.value,10))?r=1e3:~~r<200&&(r=200),s.height=r):\"link\"===t.message&&(r=new URL(s.getAttribute(\"src\")),n=new URL(t.value),c.test(n.protocol))&&n.host===r.host&&l.activeElement===s&&(d.top.location.href=t.value))}},d.addEventListener(\"message\",d.wp.receiveEmbedMessage,!1),l.addEventListener(\"DOMContentLoaded\",function(){for(var e,t,s=l.querySelectorAll(\"iframe.wp-embedded-content\"),r=0;r<s.length;r++)(t=(e=s[r]).getAttribute(\"data-secret\"))||(t=Math.random().toString(36).substring(2,12),e.src+=\"#?secret=\"+t,e.setAttribute(\"data-secret\",t)),e.contentWindow.postMessage({message:\"ready\",secret:t},\"*\")},!1)))}(window,document);\n\/\/# sourceURL=https:\/\/charneux.be\/preprod\/wp-includes\/js\/wp-embed.min.js\n<\/script>\n","description":"Suite au lancement d\u2019un budget participatif de la ville de Herve, et gr\u00e2ce aux votes de nombreux citoyens herviens, les travaux aux abords de l\u2019\u00e9cole maternelle ont d\u00e9but\u00e9. Ils consistent en l\u2019am\u00e9nagement d\u2019un jardin collectif et participatif. C\u2019est l\u2019entreprise ACEF de Charneux qui r\u00e9alise les travaux. Les trois premiers bacs potagers au sol ont \u00e9t\u00e9 [&hellip;]","thumbnail_url":"http:\/\/charneux.be\/wordpress\/wp-content\/uploads\/2021\/05\/1-300x225.jpg"}