{"version":"1.0","provider_name":"Charneux","provider_url":"https:\/\/charneux.be\/preprod","author_name":"Laurent Flavion","author_url":"https:\/\/charneux.be\/preprod\/author\/laurent\/","title":"Marche ADEPS \u00e0 Charneux du 24\/4\/2022 - Charneux","type":"rich","width":600,"height":338,"html":"<blockquote class=\"wp-embedded-content\" data-secret=\"GomoyyKjsV\"><a href=\"https:\/\/charneux.be\/preprod\/marche-adeps-a-charneux-du-24-4-2022\/\">Marche ADEPS \u00e0 Charneux du 24\/4\/2022<\/a><\/blockquote><iframe sandbox=\"allow-scripts\" security=\"restricted\" src=\"https:\/\/charneux.be\/preprod\/marche-adeps-a-charneux-du-24-4-2022\/embed\/#?secret=GomoyyKjsV\" width=\"600\" height=\"338\" title=\"\u00ab\u00a0Marche ADEPS \u00e0 Charneux du 24\/4\/2022\u00a0\u00bb &#8212; Charneux\" data-secret=\"GomoyyKjsV\" frameborder=\"0\" marginwidth=\"0\" marginheight=\"0\" scrolling=\"no\" class=\"wp-embedded-content\"><\/iframe><script>\n\/*! This file is auto-generated *\/\n!function(d,l){\"use strict\";l.querySelector&&d.addEventListener&&\"undefined\"!=typeof URL&&(d.wp=d.wp||{},d.wp.receiveEmbedMessage||(d.wp.receiveEmbedMessage=function(e){var t=e.data;if((t||t.secret||t.message||t.value)&&!\/[^a-zA-Z0-9]\/.test(t.secret)){for(var s,r,n,a=l.querySelectorAll('iframe[data-secret=\"'+t.secret+'\"]'),o=l.querySelectorAll('blockquote[data-secret=\"'+t.secret+'\"]'),c=new RegExp(\"^https?:$\",\"i\"),i=0;i<o.length;i++)o[i].style.display=\"none\";for(i=0;i<a.length;i++)s=a[i],e.source===s.contentWindow&&(s.removeAttribute(\"style\"),\"height\"===t.message?(1e3<(r=parseInt(t.value,10))?r=1e3:~~r<200&&(r=200),s.height=r):\"link\"===t.message&&(r=new URL(s.getAttribute(\"src\")),n=new URL(t.value),c.test(n.protocol))&&n.host===r.host&&l.activeElement===s&&(d.top.location.href=t.value))}},d.addEventListener(\"message\",d.wp.receiveEmbedMessage,!1),l.addEventListener(\"DOMContentLoaded\",function(){for(var e,t,s=l.querySelectorAll(\"iframe.wp-embedded-content\"),r=0;r<s.length;r++)(t=(e=s[r]).getAttribute(\"data-secret\"))||(t=Math.random().toString(36).substring(2,12),e.src+=\"#?secret=\"+t,e.setAttribute(\"data-secret\",t)),e.contentWindow.postMessage({message:\"ready\",secret:t},\"*\")},!1)))}(window,document);\n\/\/# sourceURL=https:\/\/charneux.be\/preprod\/wp-includes\/js\/wp-embed.min.js\n<\/script>\n","thumbnail_url":"https:\/\/charneux.be\/preprod\/wp-content\/uploads\/2022\/05\/processed-80176b6e-5b34-4ae9-a20f-395deac209cf_gczlfabf.jpeg","thumbnail_width":2217,"thumbnail_height":1663,"description":"Magnifique, ensoleill\u00e9e, tr\u00e8s belle journ\u00e9e que toute l&rsquo;\u00e9cole a pu vivre ce dimanche 24\/4\/2022 \u00e0 Charneux. Tous les \u00e9chos \u00e9taient tr\u00e8s positifs, une organisation au top et une ambiance super conviviale. Notre premi\u00e8re marche ADEPS fut un vrai succ\u00e8s de foule avec un accueil au top. Les parcours de 5, 10 et 20 km ont [&hellip;]"}