{"id":2900,"date":"2024-10-18T21:53:02","date_gmt":"2024-10-18T19:53:02","guid":{"rendered":"https:\/\/charneux.be\/preprod\/?page_id=2900"},"modified":"2024-10-18T22:08:36","modified_gmt":"2024-10-18T20:08:36","slug":"articles","status":"publish","type":"page","link":"https:\/\/charneux.be\/preprod\/articles\/","title":{"rendered":"Articles"},"content":{"rendered":"\t\t<div data-elementor-type=\"wp-page\" data-elementor-id=\"2900\" class=\"elementor elementor-2900\" data-elementor-post-type=\"page\">\n\t\t\t\t<div class=\"elementor-element elementor-element-7ae89ad e-flex e-con-boxed e-con e-parent\" data-id=\"7ae89ad\" data-element_type=\"container\">\n\t\t\t\t\t<div class=\"e-con-inner\">\n\t\t\t\t<div class=\"elementor-element elementor-element-1ca90af elementor-grid-3 elementor-grid-tablet-2 elementor-grid-mobile-1 elementor-widget elementor-widget-portfolio\" data-id=\"1ca90af\" data-element_type=\"widget\" data-settings=\"{&quot;masonry&quot;:&quot;yes&quot;,&quot;row_gap&quot;:{&quot;unit&quot;:&quot;px&quot;,&quot;size&quot;:10,&quot;sizes&quot;:[]},&quot;columns&quot;:&quot;3&quot;,&quot;columns_tablet&quot;:&quot;2&quot;,&quot;columns_mobile&quot;:&quot;1&quot;,&quot;item_gap&quot;:{&quot;unit&quot;:&quot;px&quot;,&quot;size&quot;:&quot;&quot;,&quot;sizes&quot;:[]}}\" data-widget_type=\"portfolio.default\">\n\t\t\t\t<div class=\"elementor-widget-container\">\n\t\t\t\t\t<div class=\"elementor-portfolio elementor-grid elementor-posts-container\">\n\t\t\t\t<article class=\"elementor-portfolio-item elementor-post  post-2921 post type-post status-publish format-standard has-post-thumbnail hentry category-ecole\">\n\t\t\t<a class=\"elementor-post__thumbnail__link\" href=\"https:\/\/charneux.be\/preprod\/notre-site-fait-peau-neuve\/\">\n\t\t\t\t<div class=\"elementor-portfolio-item__img elementor-post__thumbnail\">\n\t\t\t<img fetchpriority=\"high\" decoding=\"async\" width=\"300\" height=\"500\" src=\"https:\/\/charneux.be\/preprod\/wp-content\/uploads\/2024\/08\/cropped-Logo-bleu.png\" class=\"attachment-featured-image size-featured-image wp-image-1612\" alt=\"\" srcset=\"https:\/\/charneux.be\/preprod\/wp-content\/uploads\/2024\/08\/cropped-Logo-bleu.png 480w, https:\/\/charneux.be\/preprod\/wp-content\/uploads\/2024\/08\/cropped-Logo-bleu-300x500.png 300w, https:\/\/charneux.be\/preprod\/wp-content\/uploads\/2024\/08\/cropped-Logo-bleu-180x300.png 180w\" sizes=\"(max-width: 300px) 100vw, 300px\" \/>\t\t<\/div>\n\t\t\t\t<div class=\"elementor-portfolio-item__overlay\">\n\t\t\t\t<h3 class=\"elementor-portfolio-item__title\">\n\t\tNotre site fait peau neuve !\t\t<\/h3>\n\t\t\t\t<\/div>\n\t\t\t\t<\/a>\n\t\t<\/article>\n\t\t\t\t<article class=\"elementor-portfolio-item elementor-post  post-3093 post type-post status-publish format-standard has-post-thumbnail hentry category-ecole\">\n\t\t\t<a class=\"elementor-post__thumbnail__link\" href=\"https:\/\/charneux.be\/preprod\/rentree-2024-2025\/\">\n\t\t\t\t<div class=\"elementor-portfolio-item__img elementor-post__thumbnail\">\n\t\t\t<img decoding=\"async\" width=\"500\" height=\"375\" src=\"https:\/\/charneux.be\/preprod\/wp-content\/uploads\/2024\/10\/IMG_4846-500x375.jpeg\" class=\"attachment-featured-image size-featured-image wp-image-3137\" alt=\"\" srcset=\"https:\/\/charneux.be\/preprod\/wp-content\/uploads\/2024\/10\/IMG_4846-500x375.jpeg 500w, https:\/\/charneux.be\/preprod\/wp-content\/uploads\/2024\/10\/IMG_4846-300x225.jpeg 300w, https:\/\/charneux.be\/preprod\/wp-content\/uploads\/2024\/10\/IMG_4846-1024x768.jpeg 1024w, https:\/\/charneux.be\/preprod\/wp-content\/uploads\/2024\/10\/IMG_4846-768x576.jpeg 768w, https:\/\/charneux.be\/preprod\/wp-content\/uploads\/2024\/10\/IMG_4846-1536x1152.jpeg 1536w, https:\/\/charneux.be\/preprod\/wp-content\/uploads\/2024\/10\/IMG_4846-2048x1536.jpeg 2048w\" sizes=\"(max-width: 500px) 100vw, 500px\" \/>\t\t<\/div>\n\t\t\t\t<div class=\"elementor-portfolio-item__overlay\">\n\t\t\t\t<h3 class=\"elementor-portfolio-item__title\">\n\t\tRentr\u00e9e 2024-2025\t\t<\/h3>\n\t\t\t\t<\/div>\n\t\t\t\t<\/a>\n\t\t<\/article>\n\t\t\t\t<article class=\"elementor-portfolio-item elementor-post  post-1589 post type-post status-publish format-standard has-post-thumbnail hentry category-primaire\">\n\t\t\t<a class=\"elementor-post__thumbnail__link\" href=\"https:\/\/charneux.be\/preprod\/les-p1-et-p2-ont-assiste-a-la-comedie-musicale-madame-louche-a-herve-un-spectacle-melant-chants-instruments-et-magie-dans-un-decor-splendide-et-une-histoire-vraiment-jolie-un-vrai-regal-pour-t\/\">\n\t\t\t\t<div class=\"elementor-portfolio-item__img elementor-post__thumbnail\">\n\t\t\t<img decoding=\"async\" width=\"375\" height=\"500\" src=\"https:\/\/charneux.be\/preprod\/wp-content\/uploads\/2024\/03\/419299508_2108662442836474_6516263626387426349_n.jpg\" class=\"attachment-featured-image size-featured-image wp-image-1598\" alt=\"\" srcset=\"https:\/\/charneux.be\/preprod\/wp-content\/uploads\/2024\/03\/419299508_2108662442836474_6516263626387426349_n.jpg 1530w, https:\/\/charneux.be\/preprod\/wp-content\/uploads\/2024\/03\/419299508_2108662442836474_6516263626387426349_n-375x500.jpg 375w, https:\/\/charneux.be\/preprod\/wp-content\/uploads\/2024\/03\/419299508_2108662442836474_6516263626387426349_n-225x300.jpg 225w, https:\/\/charneux.be\/preprod\/wp-content\/uploads\/2024\/03\/419299508_2108662442836474_6516263626387426349_n-768x1024.jpg 768w, https:\/\/charneux.be\/preprod\/wp-content\/uploads\/2024\/03\/419299508_2108662442836474_6516263626387426349_n-1152x1536.jpg 1152w\" sizes=\"(max-width: 375px) 100vw, 375px\" \/>\t\t<\/div>\n\t\t\t\t<div class=\"elementor-portfolio-item__overlay\">\n\t\t\t\t<h3 class=\"elementor-portfolio-item__title\">\n\t\tLes P1 et P2 ont assist\u00e9 \u00e0 la com\u00e9die musicale \u00ab\u00a0Madame  Louche\u00a0\u00bb \u00e0 Herve, un spectacle m\u00ealant chants, instruments et magie dans un d\u00e9cor splendide et une histoire vraiment jolie! Un vrai r\u00e9gal pour tous!\t\t<\/h3>\n\t\t\t\t<\/div>\n\t\t\t\t<\/a>\n\t\t<\/article>\n\t\t\t\t<article class=\"elementor-portfolio-item elementor-post  post-1581 post type-post status-publish format-standard has-post-thumbnail hentry category-primaire\">\n\t\t\t<a class=\"elementor-post__thumbnail__link\" href=\"https:\/\/charneux.be\/preprod\/la-classe-de-p2-a-fete-la-chandeleur-comme-il-se-doit\/\">\n\t\t\t\t<div class=\"elementor-portfolio-item__img elementor-post__thumbnail\">\n\t\t\t<img loading=\"lazy\" decoding=\"async\" width=\"500\" height=\"500\" src=\"https:\/\/charneux.be\/preprod\/wp-content\/uploads\/2024\/02\/417842384_302773696116505_6068449668909357334_n.jpg\" class=\"attachment-featured-image size-featured-image wp-image-1582\" alt=\"\" srcset=\"https:\/\/charneux.be\/preprod\/wp-content\/uploads\/2024\/02\/417842384_302773696116505_6068449668909357334_n.jpg 2048w, https:\/\/charneux.be\/preprod\/wp-content\/uploads\/2024\/02\/417842384_302773696116505_6068449668909357334_n-500x500.jpg 500w, https:\/\/charneux.be\/preprod\/wp-content\/uploads\/2024\/02\/417842384_302773696116505_6068449668909357334_n-300x300.jpg 300w, https:\/\/charneux.be\/preprod\/wp-content\/uploads\/2024\/02\/417842384_302773696116505_6068449668909357334_n-768x768.jpg 768w, https:\/\/charneux.be\/preprod\/wp-content\/uploads\/2024\/02\/417842384_302773696116505_6068449668909357334_n-1024x1024.jpg 1024w, https:\/\/charneux.be\/preprod\/wp-content\/uploads\/2024\/02\/417842384_302773696116505_6068449668909357334_n-1536x1536.jpg 1536w\" sizes=\"(max-width: 500px) 100vw, 500px\" \/>\t\t<\/div>\n\t\t\t\t<div class=\"elementor-portfolio-item__overlay\">\n\t\t\t\t<h3 class=\"elementor-portfolio-item__title\">\n\t\tLa classe de P2 a f\u00eat\u00e9 la chandeleur comme il se doit !\t\t<\/h3>\n\t\t\t\t<\/div>\n\t\t\t\t<\/a>\n\t\t<\/article>\n\t\t\t\t<article class=\"elementor-portfolio-item elementor-post  post-1568 post type-post status-publish format-standard has-post-thumbnail hentry category-primaire\">\n\t\t\t<a class=\"elementor-post__thumbnail__link\" href=\"https:\/\/charneux.be\/preprod\/les-eleves-de-p2-ont-prepare-la-piece-de-theatre-de-noel-le-lutin-coquin-et-lont-presente-aux-maternelles-dans-une-ambiance-tamisee-bravo-les-comediens\/\">\n\t\t\t\t<div class=\"elementor-portfolio-item__img elementor-post__thumbnail\">\n\t\t\t<img loading=\"lazy\" decoding=\"async\" width=\"500\" height=\"500\" src=\"https:\/\/charneux.be\/preprod\/wp-content\/uploads\/2024\/01\/418430797_1421958485420351_8521240394174710278_n.jpg\" class=\"attachment-featured-image size-featured-image wp-image-1578\" alt=\"\" srcset=\"https:\/\/charneux.be\/preprod\/wp-content\/uploads\/2024\/01\/418430797_1421958485420351_8521240394174710278_n.jpg 2048w, https:\/\/charneux.be\/preprod\/wp-content\/uploads\/2024\/01\/418430797_1421958485420351_8521240394174710278_n-500x500.jpg 500w, https:\/\/charneux.be\/preprod\/wp-content\/uploads\/2024\/01\/418430797_1421958485420351_8521240394174710278_n-300x300.jpg 300w, https:\/\/charneux.be\/preprod\/wp-content\/uploads\/2024\/01\/418430797_1421958485420351_8521240394174710278_n-768x768.jpg 768w, https:\/\/charneux.be\/preprod\/wp-content\/uploads\/2024\/01\/418430797_1421958485420351_8521240394174710278_n-1024x1024.jpg 1024w, https:\/\/charneux.be\/preprod\/wp-content\/uploads\/2024\/01\/418430797_1421958485420351_8521240394174710278_n-1536x1536.jpg 1536w\" sizes=\"(max-width: 500px) 100vw, 500px\" \/>\t\t<\/div>\n\t\t\t\t<div class=\"elementor-portfolio-item__overlay\">\n\t\t\t\t<h3 class=\"elementor-portfolio-item__title\">\n\t\tLes \u00e9l\u00e8ves de P2 ont pr\u00e9par\u00e9 la pi\u00e8ce de th\u00e9\u00e2tre de No\u00ebl \u00ab\u00a0le lutin coquin\u00a0\u00bb et l&rsquo;ont pr\u00e9sent\u00e9 aux maternelles dans une ambiance tamis\u00e9e. Bravo les com\u00e9diens !\t\t<\/h3>\n\t\t\t\t<\/div>\n\t\t\t\t<\/a>\n\t\t<\/article>\n\t\t\t\t<article class=\"elementor-portfolio-item elementor-post  post-1561 post type-post status-publish format-standard hentry category-primaire\">\n\t\t\t<a class=\"elementor-post__thumbnail__link\" href=\"https:\/\/charneux.be\/preprod\/animation-p1-et-p2-a-la-chapelle-de-monty\/\">\n\t\t\t\t<div class=\"elementor-portfolio-item__img elementor-post__thumbnail\">\n\t\t\t\t\t<\/div>\n\t\t\t\t<div class=\"elementor-portfolio-item__overlay\">\n\t\t\t\t<h3 class=\"elementor-portfolio-item__title\">\n\t\tAnimation P1 et P2 \u00e0 la Chapelle de Monty.\t\t<\/h3>\n\t\t\t\t<\/div>\n\t\t\t\t<\/a>\n\t\t<\/article>\n\t\t\t\t<article class=\"elementor-portfolio-item elementor-post  post-1552 post type-post status-publish format-standard hentry category-primaire\">\n\t\t\t<a class=\"elementor-post__thumbnail__link\" href=\"https:\/\/charneux.be\/preprod\/jolie-presentation-des-musiciens-de-la-famille-jacob-devant-un-public-conquis\/\">\n\t\t\t\t<div class=\"elementor-portfolio-item__img elementor-post__thumbnail\">\n\t\t\t\t\t<\/div>\n\t\t\t\t<div class=\"elementor-portfolio-item__overlay\">\n\t\t\t\t<h3 class=\"elementor-portfolio-item__title\">\n\t\tJolie pr\u00e9sentation des musiciens de la famille Jacob devant un public conquis !\t\t<\/h3>\n\t\t\t\t<\/div>\n\t\t\t\t<\/a>\n\t\t<\/article>\n\t\t\t\t<article class=\"elementor-portfolio-item elementor-post  post-1530 post type-post status-publish format-standard hentry category-primaire\">\n\t\t\t<a class=\"elementor-post__thumbnail__link\" href=\"https:\/\/charneux.be\/preprod\/petite-fete-de-noel-suite-a-une-jolie-celebration-pour-les-p2-et-p3-et-un-partage-de-frites\/\">\n\t\t\t\t<div class=\"elementor-portfolio-item__img elementor-post__thumbnail\">\n\t\t\t\t\t<\/div>\n\t\t\t\t<div class=\"elementor-portfolio-item__overlay\">\n\t\t\t\t<h3 class=\"elementor-portfolio-item__title\">\n\t\tPetite f\u00eate de No\u00ebl suite \u00e0 une jolie c\u00e9l\u00e9bration pour les P2 et P3 et un partage de frites.\t\t<\/h3>\n\t\t\t\t<\/div>\n\t\t\t\t<\/a>\n\t\t<\/article>\n\t\t\t\t<article class=\"elementor-portfolio-item elementor-post  post-1500 post type-post status-publish format-standard hentry category-primaire\">\n\t\t\t<a class=\"elementor-post__thumbnail__link\" href=\"https:\/\/charneux.be\/preprod\/la-classe-de-p3-fait-de-la-luge\/\">\n\t\t\t\t<div class=\"elementor-portfolio-item__img elementor-post__thumbnail\">\n\t\t\t\t\t<\/div>\n\t\t\t\t<div class=\"elementor-portfolio-item__overlay\">\n\t\t\t\t<h3 class=\"elementor-portfolio-item__title\">\n\t\tL&rsquo;\u00e9cole de Charneux fait de la luge.\t\t<\/h3>\n\t\t\t\t<\/div>\n\t\t\t\t<\/a>\n\t\t<\/article>\n\t\t\t\t<article class=\"elementor-portfolio-item elementor-post  post-1496 post type-post status-publish format-standard hentry category-primaire\">\n\t\t\t<a class=\"elementor-post__thumbnail__link\" href=\"https:\/\/charneux.be\/preprod\/p5\/\">\n\t\t\t\t<div class=\"elementor-portfolio-item__img elementor-post__thumbnail\">\n\t\t\t\t\t<\/div>\n\t\t\t\t<div class=\"elementor-portfolio-item__overlay\">\n\t\t\t\t<h3 class=\"elementor-portfolio-item__title\">\n\t\tP5\t\t<\/h3>\n\t\t\t\t<\/div>\n\t\t\t\t<\/a>\n\t\t<\/article>\n\t\t\t\t<article class=\"elementor-portfolio-item elementor-post  post-1442 post type-post status-publish format-standard hentry category-non-classe\">\n\t\t\t<a class=\"elementor-post__thumbnail__link\" href=\"https:\/\/charneux.be\/preprod\/p1-p3-p5-decouverte-de-lexposition-artifawes-juin-2023\/\">\n\t\t\t\t<div class=\"elementor-portfolio-item__img elementor-post__thumbnail\">\n\t\t\t\t\t<\/div>\n\t\t\t\t<div class=\"elementor-portfolio-item__overlay\">\n\t\t\t\t<h3 class=\"elementor-portfolio-item__title\">\n\t\tP1 &#8211; P3 &#8211; P5: D\u00e9couverte de l&rsquo;exposition Arti&rsquo;Fawes (juin 2023)\t\t<\/h3>\n\t\t\t\t<\/div>\n\t\t\t\t<\/a>\n\t\t<\/article>\n\t\t\t\t<article class=\"elementor-portfolio-item elementor-post  post-1421 post type-post status-publish format-standard hentry category-primaire\">\n\t\t\t<a class=\"elementor-post__thumbnail__link\" href=\"https:\/\/charneux.be\/preprod\/p4-decouverte-du-paysage-du-pays-de-herve-avec-francois-le-papa-de-zoe\/\">\n\t\t\t\t<div class=\"elementor-portfolio-item__img elementor-post__thumbnail\">\n\t\t\t\t\t<\/div>\n\t\t\t\t<div class=\"elementor-portfolio-item__overlay\">\n\t\t\t\t<h3 class=\"elementor-portfolio-item__title\">\n\t\tP4 : d\u00e9couverte du paysage du Pays de Herve avec Fran\u00e7ois, le papa de Zo\u00e9.\t\t<\/h3>\n\t\t\t\t<\/div>\n\t\t\t\t<\/a>\n\t\t<\/article>\n\t\t\t\t<article class=\"elementor-portfolio-item elementor-post  post-1416 post type-post status-publish format-standard hentry category-primaire\">\n\t\t\t<a class=\"elementor-post__thumbnail__link\" href=\"https:\/\/charneux.be\/preprod\/p4-visite-de-la-siroperie-charlier-a-henri-chapelle\/\">\n\t\t\t\t<div class=\"elementor-portfolio-item__img elementor-post__thumbnail\">\n\t\t\t\t\t<\/div>\n\t\t\t\t<div class=\"elementor-portfolio-item__overlay\">\n\t\t\t\t<h3 class=\"elementor-portfolio-item__title\">\n\t\tP4 : visite de la siroperie Charlier \u00e0 Henri-Chapelle.\t\t<\/h3>\n\t\t\t\t<\/div>\n\t\t\t\t<\/a>\n\t\t<\/article>\n\t\t\t\t<article class=\"elementor-portfolio-item elementor-post  post-1406 post type-post status-publish format-standard hentry category-primaire\">\n\t\t\t<a class=\"elementor-post__thumbnail__link\" href=\"https:\/\/charneux.be\/preprod\/p4-chouette-animation-aux-fawes-sur-la-fabrication-du-beurre\/\">\n\t\t\t\t<div class=\"elementor-portfolio-item__img elementor-post__thumbnail\">\n\t\t\t\t\t<\/div>\n\t\t\t\t<div class=\"elementor-portfolio-item__overlay\">\n\t\t\t\t<h3 class=\"elementor-portfolio-item__title\">\n\t\tP4 : chouette animation aux Fawes sur la fabrication du beurre.\t\t<\/h3>\n\t\t\t\t<\/div>\n\t\t\t\t<\/a>\n\t\t<\/article>\n\t\t\t\t<article class=\"elementor-portfolio-item elementor-post  post-1400 post type-post status-publish format-standard hentry category-primaire\">\n\t\t\t<a class=\"elementor-post__thumbnail__link\" href=\"https:\/\/charneux.be\/preprod\/p4-nous-sommes-alles-visiter-la-ferme-de-chez-tychon\/\">\n\t\t\t\t<div class=\"elementor-portfolio-item__img elementor-post__thumbnail\">\n\t\t\t\t\t<\/div>\n\t\t\t\t<div class=\"elementor-portfolio-item__overlay\">\n\t\t\t\t<h3 class=\"elementor-portfolio-item__title\">\n\t\tP4 : nous sommes all\u00e9s visiter la ferme de chez Tychon.\t\t<\/h3>\n\t\t\t\t<\/div>\n\t\t\t\t<\/a>\n\t\t<\/article>\n\t\t\t\t<article class=\"elementor-portfolio-item elementor-post  post-1385 post type-post status-publish format-standard hentry category-primaire\">\n\t\t\t<a class=\"elementor-post__thumbnail__link\" href=\"https:\/\/charneux.be\/preprod\/une-journee-a-la-foire-agricole-pour-les-6emes\/\">\n\t\t\t\t<div class=\"elementor-portfolio-item__img elementor-post__thumbnail\">\n\t\t\t\t\t<\/div>\n\t\t\t\t<div class=\"elementor-portfolio-item__overlay\">\n\t\t\t\t<h3 class=\"elementor-portfolio-item__title\">\n\t\tUne journ\u00e9e \u00e0 la foire agricole pour les 6\u00e8mes\t\t<\/h3>\n\t\t\t\t<\/div>\n\t\t\t\t<\/a>\n\t\t<\/article>\n\t\t\t\t<article class=\"elementor-portfolio-item elementor-post  post-1374 post type-post status-publish format-standard hentry category-primaire\">\n\t\t\t<a class=\"elementor-post__thumbnail__link\" href=\"https:\/\/charneux.be\/preprod\/p5-p6-benjamin-secouriste\/\">\n\t\t\t\t<div class=\"elementor-portfolio-item__img elementor-post__thumbnail\">\n\t\t\t\t\t<\/div>\n\t\t\t\t<div class=\"elementor-portfolio-item__overlay\">\n\t\t\t\t<h3 class=\"elementor-portfolio-item__title\">\n\t\tP5-P6: Benjamin secouriste\t\t<\/h3>\n\t\t\t\t<\/div>\n\t\t\t\t<\/a>\n\t\t<\/article>\n\t\t\t\t<article class=\"elementor-portfolio-item elementor-post  post-1365 post type-post status-publish format-standard has-post-thumbnail hentry category-primaire\">\n\t\t\t<a class=\"elementor-post__thumbnail__link\" href=\"https:\/\/charneux.be\/preprod\/ateliers-jeunesse-musicale\/\">\n\t\t\t\t<div class=\"elementor-portfolio-item__img elementor-post__thumbnail\">\n\t\t\t<img loading=\"lazy\" decoding=\"async\" width=\"375\" height=\"500\" src=\"https:\/\/charneux.be\/preprod\/wp-content\/uploads\/2023\/04\/PHOTO-2023-04-17-08-07-29.jpg\" class=\"attachment-featured-image size-featured-image wp-image-1368\" alt=\"\" srcset=\"https:\/\/charneux.be\/preprod\/wp-content\/uploads\/2023\/04\/PHOTO-2023-04-17-08-07-29.jpg 1200w, https:\/\/charneux.be\/preprod\/wp-content\/uploads\/2023\/04\/PHOTO-2023-04-17-08-07-29-375x500.jpg 375w, https:\/\/charneux.be\/preprod\/wp-content\/uploads\/2023\/04\/PHOTO-2023-04-17-08-07-29-225x300.jpg 225w, https:\/\/charneux.be\/preprod\/wp-content\/uploads\/2023\/04\/PHOTO-2023-04-17-08-07-29-768x1024.jpg 768w, https:\/\/charneux.be\/preprod\/wp-content\/uploads\/2023\/04\/PHOTO-2023-04-17-08-07-29-1152x1536.jpg 1152w\" sizes=\"(max-width: 375px) 100vw, 375px\" \/>\t\t<\/div>\n\t\t\t\t<div class=\"elementor-portfolio-item__overlay\">\n\t\t\t\t<h3 class=\"elementor-portfolio-item__title\">\n\t\tAteliers Jeunesse Musicale\t\t<\/h3>\n\t\t\t\t<\/div>\n\t\t\t\t<\/a>\n\t\t<\/article>\n\t\t\t\t<article class=\"elementor-portfolio-item elementor-post  post-1321 post type-post status-publish format-standard has-post-thumbnail hentry category-primaire\">\n\t\t\t<a class=\"elementor-post__thumbnail__link\" href=\"https:\/\/charneux.be\/preprod\/journee-a-ramioul\/\">\n\t\t\t\t<div class=\"elementor-portfolio-item__img elementor-post__thumbnail\">\n\t\t\t<img loading=\"lazy\" decoding=\"async\" width=\"375\" height=\"500\" src=\"https:\/\/charneux.be\/preprod\/wp-content\/uploads\/2023\/04\/PHOTO-2023-04-17-08-09-22.jpg\" class=\"attachment-featured-image size-featured-image wp-image-1363\" alt=\"\" srcset=\"https:\/\/charneux.be\/preprod\/wp-content\/uploads\/2023\/04\/PHOTO-2023-04-17-08-09-22.jpg 768w, https:\/\/charneux.be\/preprod\/wp-content\/uploads\/2023\/04\/PHOTO-2023-04-17-08-09-22-375x500.jpg 375w, https:\/\/charneux.be\/preprod\/wp-content\/uploads\/2023\/04\/PHOTO-2023-04-17-08-09-22-225x300.jpg 225w\" sizes=\"(max-width: 375px) 100vw, 375px\" \/>\t\t<\/div>\n\t\t\t\t<div class=\"elementor-portfolio-item__overlay\">\n\t\t\t\t<h3 class=\"elementor-portfolio-item__title\">\n\t\tJourn\u00e9e \u00e0 Ramioul\t\t<\/h3>\n\t\t\t\t<\/div>\n\t\t\t\t<\/a>\n\t\t<\/article>\n\t\t\t\t<article class=\"elementor-portfolio-item elementor-post  post-1326 post type-post status-publish format-standard hentry category-non-classe\">\n\t\t\t<a class=\"elementor-post__thumbnail__link\" href=\"https:\/\/charneux.be\/preprod\/protegeons-notre-planete\/\">\n\t\t\t\t<div class=\"elementor-portfolio-item__img elementor-post__thumbnail\">\n\t\t\t\t\t<\/div>\n\t\t\t\t<div class=\"elementor-portfolio-item__overlay\">\n\t\t\t\t<h3 class=\"elementor-portfolio-item__title\">\n\t\tProt\u00e9geons notre plan\u00e8te&#8230;\t\t<\/h3>\n\t\t\t\t<\/div>\n\t\t\t\t<\/a>\n\t\t<\/article>\n\t\t\t\t<article class=\"elementor-portfolio-item elementor-post  post-1280 post type-post status-publish format-standard hentry category-primaire\">\n\t\t\t<a class=\"elementor-post__thumbnail__link\" href=\"https:\/\/charneux.be\/preprod\/classe-de-p4\/\">\n\t\t\t\t<div class=\"elementor-portfolio-item__img elementor-post__thumbnail\">\n\t\t\t\t\t<\/div>\n\t\t\t\t<div class=\"elementor-portfolio-item__overlay\">\n\t\t\t\t<h3 class=\"elementor-portfolio-item__title\">\n\t\tClasse de P4\t\t<\/h3>\n\t\t\t\t<\/div>\n\t\t\t\t<\/a>\n\t\t<\/article>\n\t\t\t\t<article class=\"elementor-portfolio-item elementor-post  post-1257 post type-post status-publish format-standard hentry category-primaire\">\n\t\t\t<a class=\"elementor-post__thumbnail__link\" href=\"https:\/\/charneux.be\/preprod\/decouverte-de-notre-beau-village-lors-de-la-semaine-du-19-septembre-2022\/\">\n\t\t\t\t<div class=\"elementor-portfolio-item__img elementor-post__thumbnail\">\n\t\t\t\t\t<\/div>\n\t\t\t\t<div class=\"elementor-portfolio-item__overlay\">\n\t\t\t\t<h3 class=\"elementor-portfolio-item__title\">\n\t\tD\u00e9couverte de notre beau village lors de la semaine du 19 septembre 2022.\t\t<\/h3>\n\t\t\t\t<\/div>\n\t\t\t\t<\/a>\n\t\t<\/article>\n\t\t\t\t<article class=\"elementor-portfolio-item elementor-post  post-1243 post type-post status-publish format-standard hentry category-primaire\">\n\t\t\t<a class=\"elementor-post__thumbnail__link\" href=\"https:\/\/charneux.be\/preprod\/visite-de-la-mine-de-blegny-le-8-novembre-2022\/\">\n\t\t\t\t<div class=\"elementor-portfolio-item__img elementor-post__thumbnail\">\n\t\t\t\t\t<\/div>\n\t\t\t\t<div class=\"elementor-portfolio-item__overlay\">\n\t\t\t\t<h3 class=\"elementor-portfolio-item__title\">\n\t\tVisite de la mine de Blegny le 8 novembre 2022.\t\t<\/h3>\n\t\t\t\t<\/div>\n\t\t\t\t<\/a>\n\t\t<\/article>\n\t\t\t\t<article class=\"elementor-portfolio-item elementor-post  post-1230 post type-post status-publish format-standard hentry category-primaire category-non-classe\">\n\t\t\t<a class=\"elementor-post__thumbnail__link\" href=\"https:\/\/charneux.be\/preprod\/en-visite-a-la-bibliotheque-et-a-la-ludotheque-de-herve\/\">\n\t\t\t\t<div class=\"elementor-portfolio-item__img elementor-post__thumbnail\">\n\t\t\t\t\t<\/div>\n\t\t\t\t<div class=\"elementor-portfolio-item__overlay\">\n\t\t\t\t<h3 class=\"elementor-portfolio-item__title\">\n\t\tEn visite \u00e0 la biblioth\u00e8que et \u00e0 la ludoth\u00e8que de Herve\t\t<\/h3>\n\t\t\t\t<\/div>\n\t\t\t\t<\/a>\n\t\t<\/article>\n\t\t\t\t<article class=\"elementor-portfolio-item elementor-post  post-1226 post type-post status-publish format-standard hentry category-non-classe\">\n\t\t\t<a class=\"elementor-post__thumbnail__link\" href=\"https:\/\/charneux.be\/preprod\/balade-monstrueuse-venez-nombreux\/\">\n\t\t\t\t<div class=\"elementor-portfolio-item__img elementor-post__thumbnail\">\n\t\t\t\t\t<\/div>\n\t\t\t\t<div class=\"elementor-portfolio-item__overlay\">\n\t\t\t\t<h3 class=\"elementor-portfolio-item__title\">\n\t\tBalade monstrueuse ! Venez nombreux.\t\t<\/h3>\n\t\t\t\t<\/div>\n\t\t\t\t<\/a>\n\t\t<\/article>\n\t\t\t\t<article class=\"elementor-portfolio-item elementor-post  post-1220 post type-post status-publish format-standard has-post-thumbnail hentry category-ecole category-primaire\">\n\t\t\t<a class=\"elementor-post__thumbnail__link\" href=\"https:\/\/charneux.be\/preprod\/monsieur-gilles-en-alsace\/\">\n\t\t\t\t<div class=\"elementor-portfolio-item__img elementor-post__thumbnail\">\n\t\t\t<img loading=\"lazy\" decoding=\"async\" width=\"275\" height=\"206\" src=\"https:\/\/charneux.be\/preprod\/wp-content\/uploads\/2022\/10\/312114475_478018644391618_2854262644897808824_n.jpg\" class=\"attachment-featured-image size-featured-image wp-image-1221\" alt=\"\" \/>\t\t<\/div>\n\t\t\t\t<div class=\"elementor-portfolio-item__overlay\">\n\t\t\t\t<h3 class=\"elementor-portfolio-item__title\">\n\t\tMonsieur Gilles en Alsace\t\t<\/h3>\n\t\t\t\t<\/div>\n\t\t\t\t<\/a>\n\t\t<\/article>\n\t\t\t\t<article class=\"elementor-portfolio-item elementor-post  post-1166 post type-post status-publish format-standard has-post-thumbnail hentry category-ecole category-primaire\">\n\t\t\t<a class=\"elementor-post__thumbnail__link\" href=\"https:\/\/charneux.be\/preprod\/journee-daccueil-en-primaire\/\">\n\t\t\t\t<div class=\"elementor-portfolio-item__img elementor-post__thumbnail\">\n\t\t\t<img loading=\"lazy\" decoding=\"async\" width=\"500\" height=\"375\" src=\"https:\/\/charneux.be\/preprod\/wp-content\/uploads\/2022\/10\/IMG-20220831-WA0027.jpg\" class=\"attachment-featured-image size-featured-image wp-image-1198\" alt=\"\" srcset=\"https:\/\/charneux.be\/preprod\/wp-content\/uploads\/2022\/10\/IMG-20220831-WA0027.jpg 1920w, https:\/\/charneux.be\/preprod\/wp-content\/uploads\/2022\/10\/IMG-20220831-WA0027-500x375.jpg 500w, https:\/\/charneux.be\/preprod\/wp-content\/uploads\/2022\/10\/IMG-20220831-WA0027-300x225.jpg 300w, https:\/\/charneux.be\/preprod\/wp-content\/uploads\/2022\/10\/IMG-20220831-WA0027-768x576.jpg 768w, https:\/\/charneux.be\/preprod\/wp-content\/uploads\/2022\/10\/IMG-20220831-WA0027-1024x768.jpg 1024w, https:\/\/charneux.be\/preprod\/wp-content\/uploads\/2022\/10\/IMG-20220831-WA0027-1536x1152.jpg 1536w\" sizes=\"(max-width: 500px) 100vw, 500px\" \/>\t\t<\/div>\n\t\t\t\t<div class=\"elementor-portfolio-item__overlay\">\n\t\t\t\t<h3 class=\"elementor-portfolio-item__title\">\n\t\tJourn\u00e9e d&rsquo;accueil en primaire\t\t<\/h3>\n\t\t\t\t<\/div>\n\t\t\t\t<\/a>\n\t\t<\/article>\n\t\t\t\t<article class=\"elementor-portfolio-item elementor-post  post-1144 post type-post status-publish format-standard has-post-thumbnail hentry category-ecole category-primaire\">\n\t\t\t<a class=\"elementor-post__thumbnail__link\" href=\"https:\/\/charneux.be\/preprod\/une-semaine-entiere-pour-decouvrir-lespace-en-p1-et-p2\/\">\n\t\t\t\t<div class=\"elementor-portfolio-item__img elementor-post__thumbnail\">\n\t\t\t<img loading=\"lazy\" decoding=\"async\" width=\"500\" height=\"375\" src=\"https:\/\/charneux.be\/preprod\/wp-content\/uploads\/2022\/10\/311003117_627602285644440_2937972207540541684_n.jpg\" class=\"attachment-featured-image size-featured-image wp-image-1155\" alt=\"\" srcset=\"https:\/\/charneux.be\/preprod\/wp-content\/uploads\/2022\/10\/311003117_627602285644440_2937972207540541684_n.jpg 1920w, https:\/\/charneux.be\/preprod\/wp-content\/uploads\/2022\/10\/311003117_627602285644440_2937972207540541684_n-500x375.jpg 500w, https:\/\/charneux.be\/preprod\/wp-content\/uploads\/2022\/10\/311003117_627602285644440_2937972207540541684_n-300x225.jpg 300w, https:\/\/charneux.be\/preprod\/wp-content\/uploads\/2022\/10\/311003117_627602285644440_2937972207540541684_n-768x576.jpg 768w, https:\/\/charneux.be\/preprod\/wp-content\/uploads\/2022\/10\/311003117_627602285644440_2937972207540541684_n-1024x768.jpg 1024w, https:\/\/charneux.be\/preprod\/wp-content\/uploads\/2022\/10\/311003117_627602285644440_2937972207540541684_n-1536x1152.jpg 1536w\" sizes=\"(max-width: 500px) 100vw, 500px\" \/>\t\t<\/div>\n\t\t\t\t<div class=\"elementor-portfolio-item__overlay\">\n\t\t\t\t<h3 class=\"elementor-portfolio-item__title\">\n\t\tUne semaine enti\u00e8re pour d\u00e9couvrir l&rsquo;espace en P1 et P2\t\t<\/h3>\n\t\t\t\t<\/div>\n\t\t\t\t<\/a>\n\t\t<\/article>\n\t\t\t\t<article class=\"elementor-portfolio-item elementor-post  post-1073 post type-post status-publish format-standard has-post-thumbnail hentry category-non-classe\">\n\t\t\t<a class=\"elementor-post__thumbnail__link\" href=\"https:\/\/charneux.be\/preprod\/24-h-de-lecture-en-cinquieme\/\">\n\t\t\t\t<div class=\"elementor-portfolio-item__img elementor-post__thumbnail\">\n\t\t\t<img loading=\"lazy\" decoding=\"async\" width=\"500\" height=\"375\" src=\"https:\/\/charneux.be\/preprod\/wp-content\/uploads\/2022\/05\/IMG_20220524_124629-scaled.jpg\" class=\"attachment-featured-image size-featured-image wp-image-1074\" alt=\"\" srcset=\"https:\/\/charneux.be\/preprod\/wp-content\/uploads\/2022\/05\/IMG_20220524_124629-scaled.jpg 2560w, https:\/\/charneux.be\/preprod\/wp-content\/uploads\/2022\/05\/IMG_20220524_124629-300x225.jpg 300w, https:\/\/charneux.be\/preprod\/wp-content\/uploads\/2022\/05\/IMG_20220524_124629-1024x768.jpg 1024w, https:\/\/charneux.be\/preprod\/wp-content\/uploads\/2022\/05\/IMG_20220524_124629-768x576.jpg 768w, https:\/\/charneux.be\/preprod\/wp-content\/uploads\/2022\/05\/IMG_20220524_124629-1536x1152.jpg 1536w, https:\/\/charneux.be\/preprod\/wp-content\/uploads\/2022\/05\/IMG_20220524_124629-2048x1536.jpg 2048w, https:\/\/charneux.be\/preprod\/wp-content\/uploads\/2022\/05\/IMG_20220524_124629-750x563.jpg 750w\" sizes=\"(max-width: 500px) 100vw, 500px\" \/>\t\t<\/div>\n\t\t\t\t<div class=\"elementor-portfolio-item__overlay\">\n\t\t\t\t<h3 class=\"elementor-portfolio-item__title\">\n\t\t24 h de lecture en cinqui\u00e8me !\t\t<\/h3>\n\t\t\t\t<\/div>\n\t\t\t\t<\/a>\n\t\t<\/article>\n\t\t\t\t<article class=\"elementor-portfolio-item elementor-post  post-1008 post type-post status-publish format-standard has-post-thumbnail hentry category-non-classe\">\n\t\t\t<a class=\"elementor-post__thumbnail__link\" href=\"https:\/\/charneux.be\/preprod\/marche-adeps-a-charneux-du-24-4-2022\/\">\n\t\t\t\t<div class=\"elementor-portfolio-item__img elementor-post__thumbnail\">\n\t\t\t<img loading=\"lazy\" decoding=\"async\" width=\"500\" height=\"375\" src=\"https:\/\/charneux.be\/preprod\/wp-content\/uploads\/2022\/05\/processed-80176b6e-5b34-4ae9-a20f-395deac209cf_gczlfabf.jpeg\" class=\"attachment-featured-image size-featured-image wp-image-1048\" alt=\"\" srcset=\"https:\/\/charneux.be\/preprod\/wp-content\/uploads\/2022\/05\/processed-80176b6e-5b34-4ae9-a20f-395deac209cf_gczlfabf.jpeg 2217w, https:\/\/charneux.be\/preprod\/wp-content\/uploads\/2022\/05\/processed-80176b6e-5b34-4ae9-a20f-395deac209cf_gczlfabf-300x225.jpeg 300w, https:\/\/charneux.be\/preprod\/wp-content\/uploads\/2022\/05\/processed-80176b6e-5b34-4ae9-a20f-395deac209cf_gczlfabf-1024x768.jpeg 1024w, https:\/\/charneux.be\/preprod\/wp-content\/uploads\/2022\/05\/processed-80176b6e-5b34-4ae9-a20f-395deac209cf_gczlfabf-768x576.jpeg 768w, https:\/\/charneux.be\/preprod\/wp-content\/uploads\/2022\/05\/processed-80176b6e-5b34-4ae9-a20f-395deac209cf_gczlfabf-1536x1152.jpeg 1536w, https:\/\/charneux.be\/preprod\/wp-content\/uploads\/2022\/05\/processed-80176b6e-5b34-4ae9-a20f-395deac209cf_gczlfabf-2048x1536.jpeg 2048w, https:\/\/charneux.be\/preprod\/wp-content\/uploads\/2022\/05\/processed-80176b6e-5b34-4ae9-a20f-395deac209cf_gczlfabf-750x563.jpeg 750w\" sizes=\"(max-width: 500px) 100vw, 500px\" \/>\t\t<\/div>\n\t\t\t\t<div class=\"elementor-portfolio-item__overlay\">\n\t\t\t\t<h3 class=\"elementor-portfolio-item__title\">\n\t\tMarche ADEPS \u00e0 Charneux du 24\/4\/2022\t\t<\/h3>\n\t\t\t\t<\/div>\n\t\t\t\t<\/a>\n\t\t<\/article>\n\t\t\t\t<article class=\"elementor-portfolio-item elementor-post  post-986 post type-post status-publish format-standard has-post-thumbnail hentry category-non-classe\">\n\t\t\t<a class=\"elementor-post__thumbnail__link\" href=\"https:\/\/charneux.be\/preprod\/journee-a-liege-avec-les-5e-et-6e-2\/\">\n\t\t\t\t<div class=\"elementor-portfolio-item__img elementor-post__thumbnail\">\n\t\t\t<img loading=\"lazy\" decoding=\"async\" width=\"500\" height=\"375\" src=\"https:\/\/charneux.be\/preprod\/wp-content\/uploads\/2022\/04\/IMG_20220428_114345-scaled.jpg\" class=\"attachment-featured-image size-featured-image wp-image-992\" alt=\"\" srcset=\"https:\/\/charneux.be\/preprod\/wp-content\/uploads\/2022\/04\/IMG_20220428_114345-scaled.jpg 2560w, https:\/\/charneux.be\/preprod\/wp-content\/uploads\/2022\/04\/IMG_20220428_114345-300x225.jpg 300w, https:\/\/charneux.be\/preprod\/wp-content\/uploads\/2022\/04\/IMG_20220428_114345-1024x768.jpg 1024w, https:\/\/charneux.be\/preprod\/wp-content\/uploads\/2022\/04\/IMG_20220428_114345-768x576.jpg 768w, https:\/\/charneux.be\/preprod\/wp-content\/uploads\/2022\/04\/IMG_20220428_114345-1536x1152.jpg 1536w, https:\/\/charneux.be\/preprod\/wp-content\/uploads\/2022\/04\/IMG_20220428_114345-2048x1536.jpg 2048w, https:\/\/charneux.be\/preprod\/wp-content\/uploads\/2022\/04\/IMG_20220428_114345-750x563.jpg 750w\" sizes=\"(max-width: 500px) 100vw, 500px\" \/>\t\t<\/div>\n\t\t\t\t<div class=\"elementor-portfolio-item__overlay\">\n\t\t\t\t<h3 class=\"elementor-portfolio-item__title\">\n\t\tJourn\u00e9e \u00e0 Li\u00e8ge avec les 5e et 6e\t\t<\/h3>\n\t\t\t\t<\/div>\n\t\t\t\t<\/a>\n\t\t<\/article>\n\t\t\t\t<article class=\"elementor-portfolio-item elementor-post  post-981 post type-post status-publish format-standard has-post-thumbnail hentry category-non-classe\">\n\t\t\t<a class=\"elementor-post__thumbnail__link\" href=\"https:\/\/charneux.be\/preprod\/la-semaine-de-la-mobilite\/\">\n\t\t\t\t<div class=\"elementor-portfolio-item__img elementor-post__thumbnail\">\n\t\t\t<img loading=\"lazy\" decoding=\"async\" width=\"500\" height=\"375\" src=\"https:\/\/charneux.be\/preprod\/wp-content\/uploads\/2022\/04\/thumbnail-1.jpg\" class=\"attachment-featured-image size-featured-image wp-image-982\" alt=\"\" srcset=\"https:\/\/charneux.be\/preprod\/wp-content\/uploads\/2022\/04\/thumbnail-1.jpg 1080w, https:\/\/charneux.be\/preprod\/wp-content\/uploads\/2022\/04\/thumbnail-1-300x225.jpg 300w, https:\/\/charneux.be\/preprod\/wp-content\/uploads\/2022\/04\/thumbnail-1-1024x768.jpg 1024w, https:\/\/charneux.be\/preprod\/wp-content\/uploads\/2022\/04\/thumbnail-1-768x576.jpg 768w, https:\/\/charneux.be\/preprod\/wp-content\/uploads\/2022\/04\/thumbnail-1-750x563.jpg 750w\" sizes=\"(max-width: 500px) 100vw, 500px\" \/>\t\t<\/div>\n\t\t\t\t<div class=\"elementor-portfolio-item__overlay\">\n\t\t\t\t<h3 class=\"elementor-portfolio-item__title\">\n\t\tLa semaine de la mobilit\u00e9\t\t<\/h3>\n\t\t\t\t<\/div>\n\t\t\t\t<\/a>\n\t\t<\/article>\n\t\t\t\t<article class=\"elementor-portfolio-item elementor-post  post-971 post type-post status-publish format-standard hentry category-non-classe\">\n\t\t\t<a class=\"elementor-post__thumbnail__link\" href=\"https:\/\/charneux.be\/preprod\/le-petit-prince-veille-sur-notre-ecole\/\">\n\t\t\t\t<div class=\"elementor-portfolio-item__img elementor-post__thumbnail\">\n\t\t\t\t\t<\/div>\n\t\t\t\t<div class=\"elementor-portfolio-item__overlay\">\n\t\t\t\t<h3 class=\"elementor-portfolio-item__title\">\n\t\tLe Petit Prince veille sur notre \u00e9cole\t\t<\/h3>\n\t\t\t\t<\/div>\n\t\t\t\t<\/a>\n\t\t<\/article>\n\t\t\t\t<article class=\"elementor-portfolio-item elementor-post  post-966 post type-post status-publish format-standard has-post-thumbnail hentry category-non-classe\">\n\t\t\t<a class=\"elementor-post__thumbnail__link\" href=\"https:\/\/charneux.be\/preprod\/la-chandeleur-a-lecole-maternelle\/\">\n\t\t\t\t<div class=\"elementor-portfolio-item__img elementor-post__thumbnail\">\n\t\t\t<img loading=\"lazy\" decoding=\"async\" width=\"500\" height=\"375\" src=\"https:\/\/charneux.be\/preprod\/wp-content\/uploads\/2022\/02\/P1300207-scaled.jpg\" class=\"attachment-featured-image size-featured-image wp-image-960\" alt=\"\" srcset=\"https:\/\/charneux.be\/preprod\/wp-content\/uploads\/2022\/02\/P1300207-scaled.jpg 2560w, https:\/\/charneux.be\/preprod\/wp-content\/uploads\/2022\/02\/P1300207-300x225.jpg 300w, https:\/\/charneux.be\/preprod\/wp-content\/uploads\/2022\/02\/P1300207-1024x768.jpg 1024w, https:\/\/charneux.be\/preprod\/wp-content\/uploads\/2022\/02\/P1300207-768x576.jpg 768w, https:\/\/charneux.be\/preprod\/wp-content\/uploads\/2022\/02\/P1300207-1536x1152.jpg 1536w, https:\/\/charneux.be\/preprod\/wp-content\/uploads\/2022\/02\/P1300207-2048x1536.jpg 2048w, https:\/\/charneux.be\/preprod\/wp-content\/uploads\/2022\/02\/P1300207-750x563.jpg 750w\" sizes=\"(max-width: 500px) 100vw, 500px\" \/>\t\t<\/div>\n\t\t\t\t<div class=\"elementor-portfolio-item__overlay\">\n\t\t\t\t<h3 class=\"elementor-portfolio-item__title\">\n\t\tLa Chandeleur \u00e0 l&rsquo;\u00e9cole maternelle\t\t<\/h3>\n\t\t\t\t<\/div>\n\t\t\t\t<\/a>\n\t\t<\/article>\n\t\t\t\t<article class=\"elementor-portfolio-item elementor-post  post-958 post type-post status-publish format-standard has-post-thumbnail hentry category-non-classe\">\n\t\t\t<a class=\"elementor-post__thumbnail__link\" href=\"https:\/\/charneux.be\/preprod\/mise-en-avant-de-laccueil-extrascolaire\/\">\n\t\t\t\t<div class=\"elementor-portfolio-item__img elementor-post__thumbnail\">\n\t\t\t<img loading=\"lazy\" decoding=\"async\" width=\"500\" height=\"375\" src=\"https:\/\/charneux.be\/preprod\/wp-content\/uploads\/2022\/02\/P1300233-scaled.jpg\" class=\"attachment-featured-image size-featured-image wp-image-963\" alt=\"\" srcset=\"https:\/\/charneux.be\/preprod\/wp-content\/uploads\/2022\/02\/P1300233-scaled.jpg 2560w, https:\/\/charneux.be\/preprod\/wp-content\/uploads\/2022\/02\/P1300233-300x225.jpg 300w, https:\/\/charneux.be\/preprod\/wp-content\/uploads\/2022\/02\/P1300233-1024x768.jpg 1024w, https:\/\/charneux.be\/preprod\/wp-content\/uploads\/2022\/02\/P1300233-768x576.jpg 768w, https:\/\/charneux.be\/preprod\/wp-content\/uploads\/2022\/02\/P1300233-1536x1152.jpg 1536w, https:\/\/charneux.be\/preprod\/wp-content\/uploads\/2022\/02\/P1300233-2048x1536.jpg 2048w, https:\/\/charneux.be\/preprod\/wp-content\/uploads\/2022\/02\/P1300233-750x563.jpg 750w\" sizes=\"(max-width: 500px) 100vw, 500px\" \/>\t\t<\/div>\n\t\t\t\t<div class=\"elementor-portfolio-item__overlay\">\n\t\t\t\t<h3 class=\"elementor-portfolio-item__title\">\n\t\tMise en avant de l&rsquo;accueil extrascolaire\t\t<\/h3>\n\t\t\t\t<\/div>\n\t\t\t\t<\/a>\n\t\t<\/article>\n\t\t\t\t<article class=\"elementor-portfolio-item elementor-post  post-940 post type-post status-publish format-standard hentry category-non-classe\">\n\t\t\t<a class=\"elementor-post__thumbnail__link\" href=\"https:\/\/charneux.be\/preprod\/collations-jus-de-fruits-et-potage-en-maternel\/\">\n\t\t\t\t<div class=\"elementor-portfolio-item__img elementor-post__thumbnail\">\n\t\t\t\t\t<\/div>\n\t\t\t\t<div class=\"elementor-portfolio-item__overlay\">\n\t\t\t\t<h3 class=\"elementor-portfolio-item__title\">\n\t\tCollations jus de fruits et potage en maternel\t\t<\/h3>\n\t\t\t\t<\/div>\n\t\t\t\t<\/a>\n\t\t<\/article>\n\t\t\t\t<article class=\"elementor-portfolio-item elementor-post  post-929 post type-post status-publish format-standard has-post-thumbnail hentry category-non-classe\">\n\t\t\t<a class=\"elementor-post__thumbnail__link\" href=\"https:\/\/charneux.be\/preprod\/les-classes-de-mer-en-p1-et-p2-13-15-octobre-2021\/\">\n\t\t\t\t<div class=\"elementor-portfolio-item__img elementor-post__thumbnail\">\n\t\t\t<img loading=\"lazy\" decoding=\"async\" width=\"500\" height=\"375\" src=\"https:\/\/charneux.be\/preprod\/wp-content\/uploads\/2021\/12\/IMG-20211013-WA0000.jpg\" class=\"attachment-featured-image size-featured-image wp-image-930\" alt=\"\" srcset=\"https:\/\/charneux.be\/preprod\/wp-content\/uploads\/2021\/12\/IMG-20211013-WA0000.jpg 2048w, https:\/\/charneux.be\/preprod\/wp-content\/uploads\/2021\/12\/IMG-20211013-WA0000-300x225.jpg 300w, https:\/\/charneux.be\/preprod\/wp-content\/uploads\/2021\/12\/IMG-20211013-WA0000-1024x768.jpg 1024w, https:\/\/charneux.be\/preprod\/wp-content\/uploads\/2021\/12\/IMG-20211013-WA0000-768x576.jpg 768w, https:\/\/charneux.be\/preprod\/wp-content\/uploads\/2021\/12\/IMG-20211013-WA0000-1536x1152.jpg 1536w, https:\/\/charneux.be\/preprod\/wp-content\/uploads\/2021\/12\/IMG-20211013-WA0000-750x563.jpg 750w\" sizes=\"(max-width: 500px) 100vw, 500px\" \/>\t\t<\/div>\n\t\t\t\t<div class=\"elementor-portfolio-item__overlay\">\n\t\t\t\t<h3 class=\"elementor-portfolio-item__title\">\n\t\tLes classes de mer en P1 et P2 (13-15 octobre 2021)\t\t<\/h3>\n\t\t\t\t<\/div>\n\t\t\t\t<\/a>\n\t\t<\/article>\n\t\t\t\t<article class=\"elementor-portfolio-item elementor-post  post-924 post type-post status-publish format-standard has-post-thumbnail hentry category-non-classe\">\n\t\t\t<a class=\"elementor-post__thumbnail__link\" href=\"https:\/\/charneux.be\/preprod\/la-5e-annee-est-une-classe-niouzz\/\">\n\t\t\t\t<div class=\"elementor-portfolio-item__img elementor-post__thumbnail\">\n\t\t\t<img loading=\"lazy\" decoding=\"async\" width=\"500\" height=\"375\" src=\"https:\/\/charneux.be\/preprod\/wp-content\/uploads\/2021\/11\/IMG_20211118_134039-scaled.jpg\" class=\"attachment-featured-image size-featured-image wp-image-925\" alt=\"\" srcset=\"https:\/\/charneux.be\/preprod\/wp-content\/uploads\/2021\/11\/IMG_20211118_134039-scaled.jpg 2560w, https:\/\/charneux.be\/preprod\/wp-content\/uploads\/2021\/11\/IMG_20211118_134039-300x225.jpg 300w, https:\/\/charneux.be\/preprod\/wp-content\/uploads\/2021\/11\/IMG_20211118_134039-1024x768.jpg 1024w, https:\/\/charneux.be\/preprod\/wp-content\/uploads\/2021\/11\/IMG_20211118_134039-768x576.jpg 768w, https:\/\/charneux.be\/preprod\/wp-content\/uploads\/2021\/11\/IMG_20211118_134039-1536x1152.jpg 1536w, https:\/\/charneux.be\/preprod\/wp-content\/uploads\/2021\/11\/IMG_20211118_134039-2048x1536.jpg 2048w, https:\/\/charneux.be\/preprod\/wp-content\/uploads\/2021\/11\/IMG_20211118_134039-750x563.jpg 750w\" sizes=\"(max-width: 500px) 100vw, 500px\" \/>\t\t<\/div>\n\t\t\t\t<div class=\"elementor-portfolio-item__overlay\">\n\t\t\t\t<h3 class=\"elementor-portfolio-item__title\">\n\t\tLa 5e ann\u00e9e est une &#8230; classe niouzz !\t\t<\/h3>\n\t\t\t\t<\/div>\n\t\t\t\t<\/a>\n\t\t<\/article>\n\t\t\t\t<article class=\"elementor-portfolio-item elementor-post  post-899 post type-post status-publish format-standard has-post-thumbnail hentry category-non-classe\">\n\t\t\t<a class=\"elementor-post__thumbnail__link\" href=\"https:\/\/charneux.be\/preprod\/projet-recapart-en-cinquieme\/\">\n\t\t\t\t<div class=\"elementor-portfolio-item__img elementor-post__thumbnail\">\n\t\t\t<img loading=\"lazy\" decoding=\"async\" width=\"500\" height=\"375\" src=\"https:\/\/charneux.be\/preprod\/wp-content\/uploads\/2021\/10\/IMG_20211027_091314-scaled.jpg\" class=\"attachment-featured-image size-featured-image wp-image-903\" alt=\"\" srcset=\"https:\/\/charneux.be\/preprod\/wp-content\/uploads\/2021\/10\/IMG_20211027_091314-scaled.jpg 2560w, https:\/\/charneux.be\/preprod\/wp-content\/uploads\/2021\/10\/IMG_20211027_091314-300x225.jpg 300w, https:\/\/charneux.be\/preprod\/wp-content\/uploads\/2021\/10\/IMG_20211027_091314-1024x768.jpg 1024w, https:\/\/charneux.be\/preprod\/wp-content\/uploads\/2021\/10\/IMG_20211027_091314-768x576.jpg 768w, https:\/\/charneux.be\/preprod\/wp-content\/uploads\/2021\/10\/IMG_20211027_091314-1536x1152.jpg 1536w, https:\/\/charneux.be\/preprod\/wp-content\/uploads\/2021\/10\/IMG_20211027_091314-2048x1536.jpg 2048w, https:\/\/charneux.be\/preprod\/wp-content\/uploads\/2021\/10\/IMG_20211027_091314-750x563.jpg 750w\" sizes=\"(max-width: 500px) 100vw, 500px\" \/>\t\t<\/div>\n\t\t\t\t<div class=\"elementor-portfolio-item__overlay\">\n\t\t\t\t<h3 class=\"elementor-portfolio-item__title\">\n\t\tProjet recap&rsquo;art\t\t<\/h3>\n\t\t\t\t<\/div>\n\t\t\t\t<\/a>\n\t\t<\/article>\n\t\t\t\t<article class=\"elementor-portfolio-item elementor-post  post-891 post type-post status-publish format-standard has-post-thumbnail hentry category-non-classe\">\n\t\t\t<a class=\"elementor-post__thumbnail__link\" href=\"https:\/\/charneux.be\/preprod\/decouverte-du-village-grace-au-ptit-legipont\/\">\n\t\t\t\t<div class=\"elementor-portfolio-item__img elementor-post__thumbnail\">\n\t\t\t<img loading=\"lazy\" decoding=\"async\" width=\"500\" height=\"375\" src=\"https:\/\/charneux.be\/preprod\/wp-content\/uploads\/2021\/10\/thumbnail-1.jpg\" class=\"attachment-featured-image size-featured-image wp-image-892\" alt=\"\" srcset=\"https:\/\/charneux.be\/preprod\/wp-content\/uploads\/2021\/10\/thumbnail-1.jpg 1080w, https:\/\/charneux.be\/preprod\/wp-content\/uploads\/2021\/10\/thumbnail-1-300x225.jpg 300w, https:\/\/charneux.be\/preprod\/wp-content\/uploads\/2021\/10\/thumbnail-1-1024x768.jpg 1024w, https:\/\/charneux.be\/preprod\/wp-content\/uploads\/2021\/10\/thumbnail-1-768x576.jpg 768w\" sizes=\"(max-width: 500px) 100vw, 500px\" \/>\t\t<\/div>\n\t\t\t\t<div class=\"elementor-portfolio-item__overlay\">\n\t\t\t\t<h3 class=\"elementor-portfolio-item__title\">\n\t\tD\u00e9couverte du village gr\u00e2ce au P&rsquo;tit L\u00e9gipont !\t\t<\/h3>\n\t\t\t\t<\/div>\n\t\t\t\t<\/a>\n\t\t<\/article>\n\t\t\t\t<article class=\"elementor-portfolio-item elementor-post  post-878 post type-post status-publish format-standard has-post-thumbnail hentry category-non-classe\">\n\t\t\t<a class=\"elementor-post__thumbnail__link\" href=\"https:\/\/charneux.be\/preprod\/une-apres-midi-octofun-en-3e-et-4e\/\">\n\t\t\t\t<div class=\"elementor-portfolio-item__img elementor-post__thumbnail\">\n\t\t\t<img loading=\"lazy\" decoding=\"async\" width=\"500\" height=\"375\" src=\"https:\/\/charneux.be\/preprod\/wp-content\/uploads\/2021\/09\/IMG_20210924_141228-scaled.jpg\" class=\"attachment-featured-image size-featured-image wp-image-880\" alt=\"\" srcset=\"https:\/\/charneux.be\/preprod\/wp-content\/uploads\/2021\/09\/IMG_20210924_141228-scaled.jpg 2560w, https:\/\/charneux.be\/preprod\/wp-content\/uploads\/2021\/09\/IMG_20210924_141228-300x225.jpg 300w, https:\/\/charneux.be\/preprod\/wp-content\/uploads\/2021\/09\/IMG_20210924_141228-1024x768.jpg 1024w, https:\/\/charneux.be\/preprod\/wp-content\/uploads\/2021\/09\/IMG_20210924_141228-768x576.jpg 768w, https:\/\/charneux.be\/preprod\/wp-content\/uploads\/2021\/09\/IMG_20210924_141228-1536x1152.jpg 1536w, https:\/\/charneux.be\/preprod\/wp-content\/uploads\/2021\/09\/IMG_20210924_141228-2048x1536.jpg 2048w\" sizes=\"(max-width: 500px) 100vw, 500px\" \/>\t\t<\/div>\n\t\t\t\t<div class=\"elementor-portfolio-item__overlay\">\n\t\t\t\t<h3 class=\"elementor-portfolio-item__title\">\n\t\tUne apr\u00e8s-midi OCTOFUN en 3e et 4e !\t\t<\/h3>\n\t\t\t\t<\/div>\n\t\t\t\t<\/a>\n\t\t<\/article>\n\t\t\t\t<article class=\"elementor-portfolio-item elementor-post  post-857 post type-post status-publish format-standard has-post-thumbnail hentry category-non-classe\">\n\t\t\t<a class=\"elementor-post__thumbnail__link\" href=\"https:\/\/charneux.be\/preprod\/de-monet-a-kandinsky\/\">\n\t\t\t\t<div class=\"elementor-portfolio-item__img elementor-post__thumbnail\">\n\t\t\t<img loading=\"lazy\" decoding=\"async\" width=\"500\" height=\"334\" src=\"https:\/\/charneux.be\/preprod\/wp-content\/uploads\/2021\/09\/640x480_photo-Y-EVTA000530G76-OTHA0005504A1.jpg\" class=\"attachment-featured-image size-featured-image wp-image-858\" alt=\"\" srcset=\"https:\/\/charneux.be\/preprod\/wp-content\/uploads\/2021\/09\/640x480_photo-Y-EVTA000530G76-OTHA0005504A1.jpg 640w, https:\/\/charneux.be\/preprod\/wp-content\/uploads\/2021\/09\/640x480_photo-Y-EVTA000530G76-OTHA0005504A1-300x200.jpg 300w\" sizes=\"(max-width: 500px) 100vw, 500px\" \/>\t\t<\/div>\n\t\t\t\t<div class=\"elementor-portfolio-item__overlay\">\n\t\t\t\t<h3 class=\"elementor-portfolio-item__title\">\n\t\tDe Monet \u00e0 Kandinsky &#8230;\t\t<\/h3>\n\t\t\t\t<\/div>\n\t\t\t\t<\/a>\n\t\t<\/article>\n\t\t\t\t<article class=\"elementor-portfolio-item elementor-post  post-844 post type-post status-publish format-standard has-post-thumbnail hentry category-non-classe\">\n\t\t\t<a class=\"elementor-post__thumbnail__link\" href=\"https:\/\/charneux.be\/preprod\/bonne-rentree-2021\/\">\n\t\t\t\t<div class=\"elementor-portfolio-item__img elementor-post__thumbnail\">\n\t\t\t<img loading=\"lazy\" decoding=\"async\" width=\"500\" height=\"371\" src=\"https:\/\/charneux.be\/preprod\/wp-content\/uploads\/2021\/09\/ensemble.jpg\" class=\"attachment-featured-image size-featured-image wp-image-845\" alt=\"\" srcset=\"https:\/\/charneux.be\/preprod\/wp-content\/uploads\/2021\/09\/ensemble.jpg 675w, https:\/\/charneux.be\/preprod\/wp-content\/uploads\/2021\/09\/ensemble-300x223.jpg 300w\" sizes=\"(max-width: 500px) 100vw, 500px\" \/>\t\t<\/div>\n\t\t\t\t<div class=\"elementor-portfolio-item__overlay\">\n\t\t\t\t<h3 class=\"elementor-portfolio-item__title\">\n\t\tBonne rentr\u00e9e 2021 !\t\t<\/h3>\n\t\t\t\t<\/div>\n\t\t\t\t<\/a>\n\t\t<\/article>\n\t\t\t\t<article class=\"elementor-portfolio-item elementor-post  post-838 post type-post status-publish format-standard has-post-thumbnail hentry category-non-classe\">\n\t\t\t<a class=\"elementor-post__thumbnail__link\" href=\"https:\/\/charneux.be\/preprod\/la-classe-de-fabienne-aux-fawes\/\">\n\t\t\t\t<div class=\"elementor-portfolio-item__img elementor-post__thumbnail\">\n\t\t\t<img loading=\"lazy\" decoding=\"async\" width=\"500\" height=\"375\" src=\"https:\/\/charneux.be\/preprod\/wp-content\/uploads\/2021\/06\/P11106521.jpg\" class=\"attachment-featured-image size-featured-image wp-image-831\" alt=\"\" srcset=\"https:\/\/charneux.be\/preprod\/wp-content\/uploads\/2021\/06\/P11106521.jpg 2048w, https:\/\/charneux.be\/preprod\/wp-content\/uploads\/2021\/06\/P11106521-300x225.jpg 300w, https:\/\/charneux.be\/preprod\/wp-content\/uploads\/2021\/06\/P11106521-1024x768.jpg 1024w, https:\/\/charneux.be\/preprod\/wp-content\/uploads\/2021\/06\/P11106521-768x576.jpg 768w, https:\/\/charneux.be\/preprod\/wp-content\/uploads\/2021\/06\/P11106521-1536x1152.jpg 1536w\" sizes=\"(max-width: 500px) 100vw, 500px\" \/>\t\t<\/div>\n\t\t\t\t<div class=\"elementor-portfolio-item__overlay\">\n\t\t\t\t<h3 class=\"elementor-portfolio-item__title\">\n\t\tLa classe de Fabienne aux Fawes\t\t<\/h3>\n\t\t\t\t<\/div>\n\t\t\t\t<\/a>\n\t\t<\/article>\n\t\t\t\t<article class=\"elementor-portfolio-item elementor-post  post-836 post type-post status-publish format-standard has-post-thumbnail hentry category-non-classe\">\n\t\t\t<a class=\"elementor-post__thumbnail__link\" href=\"https:\/\/charneux.be\/preprod\/un-fameux-drapeau\/\">\n\t\t\t\t<div class=\"elementor-portfolio-item__img elementor-post__thumbnail\">\n\t\t\t<img loading=\"lazy\" decoding=\"async\" width=\"500\" height=\"375\" src=\"https:\/\/charneux.be\/preprod\/wp-content\/uploads\/2021\/06\/P11106781.jpg\" class=\"attachment-featured-image size-featured-image wp-image-833\" alt=\"\" srcset=\"https:\/\/charneux.be\/preprod\/wp-content\/uploads\/2021\/06\/P11106781.jpg 2048w, https:\/\/charneux.be\/preprod\/wp-content\/uploads\/2021\/06\/P11106781-300x225.jpg 300w, https:\/\/charneux.be\/preprod\/wp-content\/uploads\/2021\/06\/P11106781-1024x768.jpg 1024w, https:\/\/charneux.be\/preprod\/wp-content\/uploads\/2021\/06\/P11106781-768x576.jpg 768w, https:\/\/charneux.be\/preprod\/wp-content\/uploads\/2021\/06\/P11106781-1536x1152.jpg 1536w\" sizes=\"(max-width: 500px) 100vw, 500px\" \/>\t\t<\/div>\n\t\t\t\t<div class=\"elementor-portfolio-item__overlay\">\n\t\t\t\t<h3 class=\"elementor-portfolio-item__title\">\n\t\tUn fameux drapeau\t\t<\/h3>\n\t\t\t\t<\/div>\n\t\t\t\t<\/a>\n\t\t<\/article>\n\t\t\t\t<article class=\"elementor-portfolio-item elementor-post  post-820 post type-post status-publish format-standard has-post-thumbnail hentry category-non-classe\">\n\t\t\t<a class=\"elementor-post__thumbnail__link\" href=\"https:\/\/charneux.be\/preprod\/le-ceb-des-p6\/\">\n\t\t\t\t<div class=\"elementor-portfolio-item__img elementor-post__thumbnail\">\n\t\t\t<img loading=\"lazy\" decoding=\"async\" width=\"500\" height=\"375\" src=\"https:\/\/charneux.be\/preprod\/wp-content\/uploads\/2021\/06\/IMG-20210620-WA0001.jpg\" class=\"attachment-featured-image size-featured-image wp-image-824\" alt=\"\" srcset=\"https:\/\/charneux.be\/preprod\/wp-content\/uploads\/2021\/06\/IMG-20210620-WA0001.jpg 1024w, https:\/\/charneux.be\/preprod\/wp-content\/uploads\/2021\/06\/IMG-20210620-WA0001-300x225.jpg 300w, https:\/\/charneux.be\/preprod\/wp-content\/uploads\/2021\/06\/IMG-20210620-WA0001-768x576.jpg 768w\" sizes=\"(max-width: 500px) 100vw, 500px\" \/>\t\t<\/div>\n\t\t\t\t<div class=\"elementor-portfolio-item__overlay\">\n\t\t\t\t<h3 class=\"elementor-portfolio-item__title\">\n\t\tLe CEB des P6\t\t<\/h3>\n\t\t\t\t<\/div>\n\t\t\t\t<\/a>\n\t\t<\/article>\n\t\t\t\t<article class=\"elementor-portfolio-item elementor-post  post-800 post type-post status-publish format-standard has-post-thumbnail hentry category-non-classe\">\n\t\t\t<a class=\"elementor-post__thumbnail__link\" href=\"https:\/\/charneux.be\/preprod\/lots-de-la-tombola\/\">\n\t\t\t\t<div class=\"elementor-portfolio-item__img elementor-post__thumbnail\">\n\t\t\t<img loading=\"lazy\" decoding=\"async\" width=\"297\" height=\"170\" src=\"https:\/\/charneux.be\/preprod\/wp-content\/uploads\/2021\/06\/tombola.jpg\" class=\"attachment-featured-image size-featured-image wp-image-828\" alt=\"\" \/>\t\t<\/div>\n\t\t\t\t<div class=\"elementor-portfolio-item__overlay\">\n\t\t\t\t<h3 class=\"elementor-portfolio-item__title\">\n\t\tLots de la tombola\t\t<\/h3>\n\t\t\t\t<\/div>\n\t\t\t\t<\/a>\n\t\t<\/article>\n\t\t\t\t<article class=\"elementor-portfolio-item elementor-post  post-788 post type-post status-publish format-standard hentry category-non-classe\">\n\t\t\t<a class=\"elementor-post__thumbnail__link\" href=\"https:\/\/charneux.be\/preprod\/la-classe-de-wendy-ce-15-juin\/\">\n\t\t\t\t<div class=\"elementor-portfolio-item__img elementor-post__thumbnail\">\n\t\t\t\t\t<\/div>\n\t\t\t\t<div class=\"elementor-portfolio-item__overlay\">\n\t\t\t\t<h3 class=\"elementor-portfolio-item__title\">\n\t\tLa classe de Wendy ce 15 juin\t\t<\/h3>\n\t\t\t\t<\/div>\n\t\t\t\t<\/a>\n\t\t<\/article>\n\t\t\t\t<article class=\"elementor-portfolio-item elementor-post  post-786 post type-post status-publish format-standard hentry category-maternelle\">\n\t\t\t<a class=\"elementor-post__thumbnail__link\" href=\"https:\/\/charneux.be\/preprod\/une-classe-dehors-originale\/\">\n\t\t\t\t<div class=\"elementor-portfolio-item__img elementor-post__thumbnail\">\n\t\t\t\t\t<\/div>\n\t\t\t\t<div class=\"elementor-portfolio-item__overlay\">\n\t\t\t\t<h3 class=\"elementor-portfolio-item__title\">\n\t\tUne classe dehors originale\u00a0\t\t<\/h3>\n\t\t\t\t<\/div>\n\t\t\t\t<\/a>\n\t\t<\/article>\n\t\t\t\t<article class=\"elementor-portfolio-item elementor-post  post-779 post type-post status-publish format-standard hentry category-non-classe\">\n\t\t\t<a class=\"elementor-post__thumbnail__link\" href=\"https:\/\/charneux.be\/preprod\/suite-amenagements-jardin-ecole-maternelle\/\">\n\t\t\t\t<div class=\"elementor-portfolio-item__img elementor-post__thumbnail\">\n\t\t\t\t\t<\/div>\n\t\t\t\t<div class=\"elementor-portfolio-item__overlay\">\n\t\t\t\t<h3 class=\"elementor-portfolio-item__title\">\n\t\tSuite am\u00e9nagements jardin \u00e9cole maternelle\t\t<\/h3>\n\t\t\t\t<\/div>\n\t\t\t\t<\/a>\n\t\t<\/article>\n\t\t\t\t<article class=\"elementor-portfolio-item elementor-post  post-769 post type-post status-publish format-standard hentry category-maternelle\">\n\t\t\t<a class=\"elementor-post__thumbnail__link\" href=\"https:\/\/charneux.be\/preprod\/amenagement-des-abords-de-lecole-maternelle\/\">\n\t\t\t\t<div class=\"elementor-portfolio-item__img elementor-post__thumbnail\">\n\t\t\t\t\t<\/div>\n\t\t\t\t<div class=\"elementor-portfolio-item__overlay\">\n\t\t\t\t<h3 class=\"elementor-portfolio-item__title\">\n\t\tAm\u00e9nagement des abords de l&rsquo;\u00e9cole maternelle.\t\t<\/h3>\n\t\t\t\t<\/div>\n\t\t\t\t<\/a>\n\t\t<\/article>\n\t\t\t\t<article class=\"elementor-portfolio-item elementor-post  post-751 post type-post status-publish format-standard has-post-thumbnail hentry category-non-classe\">\n\t\t\t<a class=\"elementor-post__thumbnail__link\" href=\"https:\/\/charneux.be\/preprod\/visite-du-parlement-wallon-avec-les-5-6\/\">\n\t\t\t\t<div class=\"elementor-portfolio-item__img elementor-post__thumbnail\">\n\t\t\t<img loading=\"lazy\" decoding=\"async\" width=\"500\" height=\"375\" src=\"https:\/\/charneux.be\/preprod\/wp-content\/uploads\/2021\/05\/IMG_20210507_103247_resized_20210508_105221255.jpg\" class=\"attachment-featured-image size-featured-image wp-image-756\" alt=\"\" srcset=\"https:\/\/charneux.be\/preprod\/wp-content\/uploads\/2021\/05\/IMG_20210507_103247_resized_20210508_105221255.jpg 992w, https:\/\/charneux.be\/preprod\/wp-content\/uploads\/2021\/05\/IMG_20210507_103247_resized_20210508_105221255-300x225.jpg 300w, https:\/\/charneux.be\/preprod\/wp-content\/uploads\/2021\/05\/IMG_20210507_103247_resized_20210508_105221255-768x576.jpg 768w\" sizes=\"(max-width: 500px) 100vw, 500px\" \/>\t\t<\/div>\n\t\t\t\t<div class=\"elementor-portfolio-item__overlay\">\n\t\t\t\t<h3 class=\"elementor-portfolio-item__title\">\n\t\tVisite du parlement wallon avec les 5-6\t\t<\/h3>\n\t\t\t\t<\/div>\n\t\t\t\t<\/a>\n\t\t<\/article>\n\t\t\t\t<article class=\"elementor-portfolio-item elementor-post  post-728 post type-post status-publish format-standard has-post-thumbnail hentry category-maternelle\">\n\t\t\t<a class=\"elementor-post__thumbnail__link\" href=\"https:\/\/charneux.be\/preprod\/la-classe-danne-francoise-ose-le-vert\/\">\n\t\t\t\t<div class=\"elementor-portfolio-item__img elementor-post__thumbnail\">\n\t\t\t<img loading=\"lazy\" decoding=\"async\" width=\"500\" height=\"375\" src=\"https:\/\/charneux.be\/preprod\/wp-content\/uploads\/2021\/04\/IMG-20210424-WA0001.jpg\" class=\"attachment-featured-image size-featured-image wp-image-732\" alt=\"\" srcset=\"https:\/\/charneux.be\/preprod\/wp-content\/uploads\/2021\/04\/IMG-20210424-WA0001.jpg 1920w, https:\/\/charneux.be\/preprod\/wp-content\/uploads\/2021\/04\/IMG-20210424-WA0001-300x225.jpg 300w, https:\/\/charneux.be\/preprod\/wp-content\/uploads\/2021\/04\/IMG-20210424-WA0001-1024x768.jpg 1024w, https:\/\/charneux.be\/preprod\/wp-content\/uploads\/2021\/04\/IMG-20210424-WA0001-768x576.jpg 768w, https:\/\/charneux.be\/preprod\/wp-content\/uploads\/2021\/04\/IMG-20210424-WA0001-1536x1152.jpg 1536w\" sizes=\"(max-width: 500px) 100vw, 500px\" \/>\t\t<\/div>\n\t\t\t\t<div class=\"elementor-portfolio-item__overlay\">\n\t\t\t\t<h3 class=\"elementor-portfolio-item__title\">\n\t\tLa classe d&rsquo;Anne-Fran\u00e7oise ose le Vert !\t\t<\/h3>\n\t\t\t\t<\/div>\n\t\t\t\t<\/a>\n\t\t<\/article>\n\t\t\t\t<article class=\"elementor-portfolio-item elementor-post  post-717 post type-post status-publish format-standard has-post-thumbnail hentry category-non-classe\">\n\t\t\t<a class=\"elementor-post__thumbnail__link\" href=\"https:\/\/charneux.be\/preprod\/naissance-de-poussins-a-lecole-maternelle\/\">\n\t\t\t\t<div class=\"elementor-portfolio-item__img elementor-post__thumbnail\">\n\t\t\t<img loading=\"lazy\" decoding=\"async\" width=\"500\" height=\"375\" src=\"https:\/\/charneux.be\/preprod\/wp-content\/uploads\/2021\/04\/20210303_084927_resized.jpg\" class=\"attachment-featured-image size-featured-image wp-image-720\" alt=\"\" srcset=\"https:\/\/charneux.be\/preprod\/wp-content\/uploads\/2021\/04\/20210303_084927_resized.jpg 2000w, https:\/\/charneux.be\/preprod\/wp-content\/uploads\/2021\/04\/20210303_084927_resized-300x225.jpg 300w, https:\/\/charneux.be\/preprod\/wp-content\/uploads\/2021\/04\/20210303_084927_resized-1024x768.jpg 1024w, https:\/\/charneux.be\/preprod\/wp-content\/uploads\/2021\/04\/20210303_084927_resized-768x576.jpg 768w, https:\/\/charneux.be\/preprod\/wp-content\/uploads\/2021\/04\/20210303_084927_resized-1536x1152.jpg 1536w\" sizes=\"(max-width: 500px) 100vw, 500px\" \/>\t\t<\/div>\n\t\t\t\t<div class=\"elementor-portfolio-item__overlay\">\n\t\t\t\t<h3 class=\"elementor-portfolio-item__title\">\n\t\tNaissance de poussins \u00e0 l&rsquo;\u00e9cole maternelle\t\t<\/h3>\n\t\t\t\t<\/div>\n\t\t\t\t<\/a>\n\t\t<\/article>\n\t\t\t\t<article class=\"elementor-portfolio-item elementor-post  post-697 post type-post status-publish format-standard has-post-thumbnail hentry category-non-classe\">\n\t\t\t<a class=\"elementor-post__thumbnail__link\" href=\"https:\/\/charneux.be\/preprod\/creation-dapplications-dapprentissage-par-les-eleves-de-5e-et-6e\/\">\n\t\t\t\t<div class=\"elementor-portfolio-item__img elementor-post__thumbnail\">\n\t\t\t<img loading=\"lazy\" decoding=\"async\" width=\"500\" height=\"281\" src=\"https:\/\/charneux.be\/preprod\/wp-content\/uploads\/2021\/02\/maxresdefault.jpg\" class=\"attachment-featured-image size-featured-image wp-image-698\" alt=\"\" srcset=\"https:\/\/charneux.be\/preprod\/wp-content\/uploads\/2021\/02\/maxresdefault.jpg 1280w, https:\/\/charneux.be\/preprod\/wp-content\/uploads\/2021\/02\/maxresdefault-300x169.jpg 300w, https:\/\/charneux.be\/preprod\/wp-content\/uploads\/2021\/02\/maxresdefault-1024x576.jpg 1024w, https:\/\/charneux.be\/preprod\/wp-content\/uploads\/2021\/02\/maxresdefault-768x432.jpg 768w\" sizes=\"(max-width: 500px) 100vw, 500px\" \/>\t\t<\/div>\n\t\t\t\t<div class=\"elementor-portfolio-item__overlay\">\n\t\t\t\t<h3 class=\"elementor-portfolio-item__title\">\n\t\tCr\u00e9ation d&rsquo;applications d&rsquo;apprentissage par les \u00e9l\u00e8ves de 5e et 6e\t\t<\/h3>\n\t\t\t\t<\/div>\n\t\t\t\t<\/a>\n\t\t<\/article>\n\t\t\t\t<article class=\"elementor-portfolio-item elementor-post  post-673 post type-post status-publish format-standard has-post-thumbnail hentry category-non-classe\">\n\t\t\t<a class=\"elementor-post__thumbnail__link\" href=\"https:\/\/charneux.be\/preprod\/8-janvier-2021-lor-blanc-est-arrive\/\">\n\t\t\t\t<div class=\"elementor-portfolio-item__img elementor-post__thumbnail\">\n\t\t\t<img loading=\"lazy\" decoding=\"async\" width=\"500\" height=\"281\" src=\"https:\/\/charneux.be\/preprod\/wp-content\/uploads\/2021\/01\/20210125_103347-scaled.jpg\" class=\"attachment-featured-image size-featured-image wp-image-686\" alt=\"\" srcset=\"https:\/\/charneux.be\/preprod\/wp-content\/uploads\/2021\/01\/20210125_103347-scaled.jpg 2560w, https:\/\/charneux.be\/preprod\/wp-content\/uploads\/2021\/01\/20210125_103347-300x169.jpg 300w, https:\/\/charneux.be\/preprod\/wp-content\/uploads\/2021\/01\/20210125_103347-1024x576.jpg 1024w, https:\/\/charneux.be\/preprod\/wp-content\/uploads\/2021\/01\/20210125_103347-768x432.jpg 768w, https:\/\/charneux.be\/preprod\/wp-content\/uploads\/2021\/01\/20210125_103347-1536x864.jpg 1536w, https:\/\/charneux.be\/preprod\/wp-content\/uploads\/2021\/01\/20210125_103347-2048x1152.jpg 2048w\" sizes=\"(max-width: 500px) 100vw, 500px\" \/>\t\t<\/div>\n\t\t\t\t<div class=\"elementor-portfolio-item__overlay\">\n\t\t\t\t<h3 class=\"elementor-portfolio-item__title\">\n\t\t25 janvier 2021 : l&rsquo;or blanc est de retour !\t\t<\/h3>\n\t\t\t\t<\/div>\n\t\t\t\t<\/a>\n\t\t<\/article>\n\t\t\t\t<article class=\"elementor-portfolio-item elementor-post  post-668 post type-post status-publish format-standard has-post-thumbnail hentry category-non-classe\">\n\t\t\t<a class=\"elementor-post__thumbnail__link\" href=\"https:\/\/charneux.be\/preprod\/une-nouvelle-bibliotheque-en-or\/\">\n\t\t\t\t<div class=\"elementor-portfolio-item__img elementor-post__thumbnail\">\n\t\t\t<img loading=\"lazy\" decoding=\"async\" width=\"500\" height=\"375\" src=\"https:\/\/charneux.be\/preprod\/wp-content\/uploads\/2020\/10\/IMG_20200930_203312_BURST002-scaled.jpg\" class=\"attachment-featured-image size-featured-image wp-image-609\" alt=\"\" srcset=\"https:\/\/charneux.be\/preprod\/wp-content\/uploads\/2020\/10\/IMG_20200930_203312_BURST002-scaled.jpg 2560w, https:\/\/charneux.be\/preprod\/wp-content\/uploads\/2020\/10\/IMG_20200930_203312_BURST002-300x225.jpg 300w, https:\/\/charneux.be\/preprod\/wp-content\/uploads\/2020\/10\/IMG_20200930_203312_BURST002-1024x768.jpg 1024w, https:\/\/charneux.be\/preprod\/wp-content\/uploads\/2020\/10\/IMG_20200930_203312_BURST002-768x576.jpg 768w, https:\/\/charneux.be\/preprod\/wp-content\/uploads\/2020\/10\/IMG_20200930_203312_BURST002-1536x1152.jpg 1536w, https:\/\/charneux.be\/preprod\/wp-content\/uploads\/2020\/10\/IMG_20200930_203312_BURST002-2048x1536.jpg 2048w\" sizes=\"(max-width: 500px) 100vw, 500px\" \/>\t\t<\/div>\n\t\t\t\t<div class=\"elementor-portfolio-item__overlay\">\n\t\t\t\t<h3 class=\"elementor-portfolio-item__title\">\n\t\tUne nouvelle biblioth\u00e8que &#8230; en or !\t\t<\/h3>\n\t\t\t\t<\/div>\n\t\t\t\t<\/a>\n\t\t<\/article>\n\t\t\t\t<article class=\"elementor-portfolio-item elementor-post  post-653 post type-post status-publish format-standard has-post-thumbnail hentry category-non-classe\">\n\t\t\t<a class=\"elementor-post__thumbnail__link\" href=\"https:\/\/charneux.be\/preprod\/les-eleves-vont-danser-au-profit-de-viva-for-life\/\">\n\t\t\t\t<div class=\"elementor-portfolio-item__img elementor-post__thumbnail\">\n\t\t\t<img loading=\"lazy\" decoding=\"async\" width=\"500\" height=\"375\" src=\"https:\/\/charneux.be\/preprod\/wp-content\/uploads\/2020\/11\/chor\u00e9vfl.jpg\" class=\"attachment-featured-image size-featured-image wp-image-665\" alt=\"\" srcset=\"https:\/\/charneux.be\/preprod\/wp-content\/uploads\/2020\/11\/chor\u00e9vfl.jpg 1080w, https:\/\/charneux.be\/preprod\/wp-content\/uploads\/2020\/11\/chor\u00e9vfl-300x225.jpg 300w, https:\/\/charneux.be\/preprod\/wp-content\/uploads\/2020\/11\/chor\u00e9vfl-1024x768.jpg 1024w, https:\/\/charneux.be\/preprod\/wp-content\/uploads\/2020\/11\/chor\u00e9vfl-768x576.jpg 768w\" sizes=\"(max-width: 500px) 100vw, 500px\" \/>\t\t<\/div>\n\t\t\t\t<div class=\"elementor-portfolio-item__overlay\">\n\t\t\t\t<h3 class=\"elementor-portfolio-item__title\">\n\t\tLes \u00e9l\u00e8ves ont dans\u00e9 &#8230; au profit de Viva for Life !\t\t<\/h3>\n\t\t\t\t<\/div>\n\t\t\t\t<\/a>\n\t\t<\/article>\n\t\t\t\t<article class=\"elementor-portfolio-item elementor-post  post-648 post type-post status-publish format-standard has-post-thumbnail hentry category-non-classe\">\n\t\t\t<a class=\"elementor-post__thumbnail__link\" href=\"https:\/\/charneux.be\/preprod\/liens-vers-les-murs-padlet-des-differentes-classes\/\">\n\t\t\t\t<div class=\"elementor-portfolio-item__img elementor-post__thumbnail\">\n\t\t\t<img loading=\"lazy\" decoding=\"async\" width=\"500\" height=\"299\" src=\"https:\/\/charneux.be\/preprod\/wp-content\/uploads\/2020\/11\/k99WeEiR1BqDcX.jpg\" class=\"attachment-featured-image size-featured-image wp-image-649\" alt=\"\" srcset=\"https:\/\/charneux.be\/preprod\/wp-content\/uploads\/2020\/11\/k99WeEiR1BqDcX.jpg 1440w, https:\/\/charneux.be\/preprod\/wp-content\/uploads\/2020\/11\/k99WeEiR1BqDcX-300x179.jpg 300w, https:\/\/charneux.be\/preprod\/wp-content\/uploads\/2020\/11\/k99WeEiR1BqDcX-1024x612.jpg 1024w, https:\/\/charneux.be\/preprod\/wp-content\/uploads\/2020\/11\/k99WeEiR1BqDcX-768x459.jpg 768w\" sizes=\"(max-width: 500px) 100vw, 500px\" \/>\t\t<\/div>\n\t\t\t\t<div class=\"elementor-portfolio-item__overlay\">\n\t\t\t\t<h3 class=\"elementor-portfolio-item__title\">\n\t\tLiens vers les murs Padlet des diff\u00e9rentes classes\t\t<\/h3>\n\t\t\t\t<\/div>\n\t\t\t\t<\/a>\n\t\t<\/article>\n\t\t\t\t<article class=\"elementor-portfolio-item elementor-post  post-619 post type-post status-publish format-standard has-post-thumbnail hentry category-primaire\">\n\t\t\t<a class=\"elementor-post__thumbnail__link\" href=\"https:\/\/charneux.be\/preprod\/lillustratrice-estelle-meens-dans-notre-classe\/\">\n\t\t\t\t<div class=\"elementor-portfolio-item__img elementor-post__thumbnail\">\n\t\t\t<img loading=\"lazy\" decoding=\"async\" width=\"500\" height=\"375\" src=\"https:\/\/charneux.be\/preprod\/wp-content\/uploads\/2020\/10\/120895427_251463606282599_6016583325243786390_n.jpg\" class=\"attachment-featured-image size-featured-image wp-image-626\" alt=\"\" srcset=\"https:\/\/charneux.be\/preprod\/wp-content\/uploads\/2020\/10\/120895427_251463606282599_6016583325243786390_n.jpg 2048w, https:\/\/charneux.be\/preprod\/wp-content\/uploads\/2020\/10\/120895427_251463606282599_6016583325243786390_n-300x225.jpg 300w, https:\/\/charneux.be\/preprod\/wp-content\/uploads\/2020\/10\/120895427_251463606282599_6016583325243786390_n-1024x768.jpg 1024w, https:\/\/charneux.be\/preprod\/wp-content\/uploads\/2020\/10\/120895427_251463606282599_6016583325243786390_n-768x576.jpg 768w, https:\/\/charneux.be\/preprod\/wp-content\/uploads\/2020\/10\/120895427_251463606282599_6016583325243786390_n-1536x1152.jpg 1536w\" sizes=\"(max-width: 500px) 100vw, 500px\" \/>\t\t<\/div>\n\t\t\t\t<div class=\"elementor-portfolio-item__overlay\">\n\t\t\t\t<h3 class=\"elementor-portfolio-item__title\">\n\t\tL&rsquo;illustratrice Estelle Meens dans notre classe.\t\t<\/h3>\n\t\t\t\t<\/div>\n\t\t\t\t<\/a>\n\t\t<\/article>\n\t\t\t\t<article class=\"elementor-portfolio-item elementor-post  post-606 post type-post status-publish format-standard has-post-thumbnail hentry category-non-classe\">\n\t\t\t<a class=\"elementor-post__thumbnail__link\" href=\"https:\/\/charneux.be\/preprod\/notre-sejour-a-bouillon\/\">\n\t\t\t\t<div class=\"elementor-portfolio-item__img elementor-post__thumbnail\">\n\t\t\t<img loading=\"lazy\" decoding=\"async\" width=\"500\" height=\"375\" src=\"https:\/\/charneux.be\/preprod\/wp-content\/uploads\/2020\/10\/IMG_20200930_155600-scaled.jpg\" class=\"attachment-featured-image size-featured-image wp-image-608\" alt=\"\" srcset=\"https:\/\/charneux.be\/preprod\/wp-content\/uploads\/2020\/10\/IMG_20200930_155600-scaled.jpg 2560w, https:\/\/charneux.be\/preprod\/wp-content\/uploads\/2020\/10\/IMG_20200930_155600-300x225.jpg 300w, https:\/\/charneux.be\/preprod\/wp-content\/uploads\/2020\/10\/IMG_20200930_155600-1024x768.jpg 1024w, https:\/\/charneux.be\/preprod\/wp-content\/uploads\/2020\/10\/IMG_20200930_155600-768x576.jpg 768w, https:\/\/charneux.be\/preprod\/wp-content\/uploads\/2020\/10\/IMG_20200930_155600-1536x1152.jpg 1536w, https:\/\/charneux.be\/preprod\/wp-content\/uploads\/2020\/10\/IMG_20200930_155600-2048x1536.jpg 2048w\" sizes=\"(max-width: 500px) 100vw, 500px\" \/>\t\t<\/div>\n\t\t\t\t<div class=\"elementor-portfolio-item__overlay\">\n\t\t\t\t<h3 class=\"elementor-portfolio-item__title\">\n\t\tNotre s\u00e9jour \u00e0 Bouillon\t\t<\/h3>\n\t\t\t\t<\/div>\n\t\t\t\t<\/a>\n\t\t<\/article>\n\t\t\t\t<article class=\"elementor-portfolio-item elementor-post  post-597 post type-post status-publish format-standard has-post-thumbnail hentry category-non-classe\">\n\t\t\t<a class=\"elementor-post__thumbnail__link\" href=\"https:\/\/charneux.be\/preprod\/rentree-2020\/\">\n\t\t\t\t<div class=\"elementor-portfolio-item__img elementor-post__thumbnail\">\n\t\t\t<img loading=\"lazy\" decoding=\"async\" width=\"500\" height=\"500\" src=\"https:\/\/charneux.be\/preprod\/wp-content\/uploads\/2020\/09\/bfb0c4ec387479eb66f6403109182b10.jpg\" class=\"attachment-featured-image size-featured-image wp-image-600\" alt=\"\" srcset=\"https:\/\/charneux.be\/preprod\/wp-content\/uploads\/2020\/09\/bfb0c4ec387479eb66f6403109182b10.jpg 640w, https:\/\/charneux.be\/preprod\/wp-content\/uploads\/2020\/09\/bfb0c4ec387479eb66f6403109182b10-300x300.jpg 300w, https:\/\/charneux.be\/preprod\/wp-content\/uploads\/2020\/09\/bfb0c4ec387479eb66f6403109182b10-150x150.jpg 150w\" sizes=\"(max-width: 500px) 100vw, 500px\" \/>\t\t<\/div>\n\t\t\t\t<div class=\"elementor-portfolio-item__overlay\">\n\t\t\t\t<h3 class=\"elementor-portfolio-item__title\">\n\t\tRentr\u00e9e 2020\t\t<\/h3>\n\t\t\t\t<\/div>\n\t\t\t\t<\/a>\n\t\t<\/article>\n\t\t\t\t<article class=\"elementor-portfolio-item elementor-post  post-592 post type-post status-publish format-standard has-post-thumbnail hentry category-non-classe\">\n\t\t\t<a class=\"elementor-post__thumbnail__link\" href=\"https:\/\/charneux.be\/preprod\/remise-des-ceb-2020\/\">\n\t\t\t\t<div class=\"elementor-portfolio-item__img elementor-post__thumbnail\">\n\t\t\t<img loading=\"lazy\" decoding=\"async\" width=\"375\" height=\"500\" src=\"https:\/\/charneux.be\/preprod\/wp-content\/uploads\/2020\/06\/106136586_560783821472622_6956717115532730757_n.jpg\" class=\"attachment-featured-image size-featured-image wp-image-594\" alt=\"\" srcset=\"https:\/\/charneux.be\/preprod\/wp-content\/uploads\/2020\/06\/106136586_560783821472622_6956717115532730757_n.jpg 1440w, https:\/\/charneux.be\/preprod\/wp-content\/uploads\/2020\/06\/106136586_560783821472622_6956717115532730757_n-225x300.jpg 225w, https:\/\/charneux.be\/preprod\/wp-content\/uploads\/2020\/06\/106136586_560783821472622_6956717115532730757_n-768x1024.jpg 768w, https:\/\/charneux.be\/preprod\/wp-content\/uploads\/2020\/06\/106136586_560783821472622_6956717115532730757_n-1152x1536.jpg 1152w\" sizes=\"(max-width: 375px) 100vw, 375px\" \/>\t\t<\/div>\n\t\t\t\t<div class=\"elementor-portfolio-item__overlay\">\n\t\t\t\t<h3 class=\"elementor-portfolio-item__title\">\n\t\tRemise des CEB 2020\t\t<\/h3>\n\t\t\t\t<\/div>\n\t\t\t\t<\/a>\n\t\t<\/article>\n\t\t\t\t<article class=\"elementor-portfolio-item elementor-post  post-572 post type-post status-publish format-standard hentry category-primaire\">\n\t\t\t<a class=\"elementor-post__thumbnail__link\" href=\"https:\/\/charneux.be\/preprod\/la-rentree-des-p2-a-distance-mais-ensemble\/\">\n\t\t\t\t<div class=\"elementor-portfolio-item__img elementor-post__thumbnail\">\n\t\t\t\t\t<\/div>\n\t\t\t\t<div class=\"elementor-portfolio-item__overlay\">\n\t\t\t\t<h3 class=\"elementor-portfolio-item__title\">\n\t\tLa rentr\u00e9e des P2 \u00e0 distance, mais ensemble !\t\t<\/h3>\n\t\t\t\t<\/div>\n\t\t\t\t<\/a>\n\t\t<\/article>\n\t\t\t\t<article class=\"elementor-portfolio-item elementor-post  post-564 post type-post status-publish format-standard has-post-thumbnail hentry category-primaire\">\n\t\t\t<a class=\"elementor-post__thumbnail__link\" href=\"https:\/\/charneux.be\/preprod\/quelques-nouvelles-de-la-classe-de-cinquieme\/\">\n\t\t\t\t<div class=\"elementor-portfolio-item__img elementor-post__thumbnail\">\n\t\t\t<img loading=\"lazy\" decoding=\"async\" width=\"500\" height=\"375\" src=\"https:\/\/charneux.be\/preprod\/wp-content\/uploads\/2020\/05\/P1030460-scaled.jpg\" class=\"attachment-featured-image size-featured-image wp-image-565\" alt=\"\" srcset=\"https:\/\/charneux.be\/preprod\/wp-content\/uploads\/2020\/05\/P1030460-scaled.jpg 2560w, https:\/\/charneux.be\/preprod\/wp-content\/uploads\/2020\/05\/P1030460-300x225.jpg 300w, https:\/\/charneux.be\/preprod\/wp-content\/uploads\/2020\/05\/P1030460-1024x768.jpg 1024w, https:\/\/charneux.be\/preprod\/wp-content\/uploads\/2020\/05\/P1030460-768x576.jpg 768w, https:\/\/charneux.be\/preprod\/wp-content\/uploads\/2020\/05\/P1030460-1536x1152.jpg 1536w, https:\/\/charneux.be\/preprod\/wp-content\/uploads\/2020\/05\/P1030460-2048x1536.jpg 2048w\" sizes=\"(max-width: 500px) 100vw, 500px\" \/>\t\t<\/div>\n\t\t\t\t<div class=\"elementor-portfolio-item__overlay\">\n\t\t\t\t<h3 class=\"elementor-portfolio-item__title\">\n\t\tQuelques nouvelles de la classe de cinqui\u00e8me\t\t<\/h3>\n\t\t\t\t<\/div>\n\t\t\t\t<\/a>\n\t\t<\/article>\n\t\t\t\t<article class=\"elementor-portfolio-item elementor-post  post-561 post type-post status-publish format-standard has-post-thumbnail hentry category-primaire\">\n\t\t\t<a class=\"elementor-post__thumbnail__link\" href=\"https:\/\/charneux.be\/preprod\/une-rentree-pas-comme-les-autres\/\">\n\t\t\t\t<div class=\"elementor-portfolio-item__img elementor-post__thumbnail\">\n\t\t\t<img loading=\"lazy\" decoding=\"async\" width=\"500\" height=\"282\" src=\"https:\/\/charneux.be\/preprod\/wp-content\/uploads\/2019\/09\/peinture-enfants-danger1.jpg\" class=\"attachment-featured-image size-featured-image wp-image-114\" alt=\"\" srcset=\"https:\/\/charneux.be\/preprod\/wp-content\/uploads\/2019\/09\/peinture-enfants-danger1.jpg 1000w, https:\/\/charneux.be\/preprod\/wp-content\/uploads\/2019\/09\/peinture-enfants-danger1-300x169.jpg 300w, https:\/\/charneux.be\/preprod\/wp-content\/uploads\/2019\/09\/peinture-enfants-danger1-768x432.jpg 768w\" sizes=\"(max-width: 500px) 100vw, 500px\" \/>\t\t<\/div>\n\t\t\t\t<div class=\"elementor-portfolio-item__overlay\">\n\t\t\t\t<h3 class=\"elementor-portfolio-item__title\">\n\t\tUne rentr\u00e9e pas comme les autres &#8230;\t\t<\/h3>\n\t\t\t\t<\/div>\n\t\t\t\t<\/a>\n\t\t<\/article>\n\t\t\t\t<article class=\"elementor-portfolio-item elementor-post  post-477 post type-post status-publish format-standard has-post-thumbnail hentry category-ecole\">\n\t\t\t<a class=\"elementor-post__thumbnail__link\" href=\"https:\/\/charneux.be\/preprod\/vendredi-17-avril-2020\/\">\n\t\t\t\t<div class=\"elementor-portfolio-item__img elementor-post__thumbnail\">\n\t\t\t<img loading=\"lazy\" decoding=\"async\" width=\"500\" height=\"334\" src=\"https:\/\/charneux.be\/preprod\/wp-content\/uploads\/2020\/03\/coronavirus-covid19-enfants-970x647.jpg\" class=\"attachment-featured-image size-featured-image wp-image-426\" alt=\"\" srcset=\"https:\/\/charneux.be\/preprod\/wp-content\/uploads\/2020\/03\/coronavirus-covid19-enfants-970x647.jpg 970w, https:\/\/charneux.be\/preprod\/wp-content\/uploads\/2020\/03\/coronavirus-covid19-enfants-970x647-300x200.jpg 300w, https:\/\/charneux.be\/preprod\/wp-content\/uploads\/2020\/03\/coronavirus-covid19-enfants-970x647-768x512.jpg 768w\" sizes=\"(max-width: 500px) 100vw, 500px\" \/>\t\t<\/div>\n\t\t\t\t<div class=\"elementor-portfolio-item__overlay\">\n\t\t\t\t<h3 class=\"elementor-portfolio-item__title\">\n\t\tMessage de la directrice\t\t<\/h3>\n\t\t\t\t<\/div>\n\t\t\t\t<\/a>\n\t\t<\/article>\n\t\t\t\t<article class=\"elementor-portfolio-item elementor-post  post-411 post type-post status-publish format-standard has-post-thumbnail hentry category-non-classe\">\n\t\t\t<a class=\"elementor-post__thumbnail__link\" href=\"https:\/\/charneux.be\/preprod\/covid-19-explique-aux-enfants\/\">\n\t\t\t\t<div class=\"elementor-portfolio-item__img elementor-post__thumbnail\">\n\t\t\t<img loading=\"lazy\" decoding=\"async\" width=\"500\" height=\"272\" src=\"https:\/\/charneux.be\/preprod\/wp-content\/uploads\/2020\/03\/corona.jpg\" class=\"attachment-featured-image size-featured-image wp-image-424\" alt=\"\" srcset=\"https:\/\/charneux.be\/preprod\/wp-content\/uploads\/2020\/03\/corona.jpg 1081w, https:\/\/charneux.be\/preprod\/wp-content\/uploads\/2020\/03\/corona-300x163.jpg 300w, https:\/\/charneux.be\/preprod\/wp-content\/uploads\/2020\/03\/corona-768x418.jpg 768w, https:\/\/charneux.be\/preprod\/wp-content\/uploads\/2020\/03\/corona-1024x557.jpg 1024w\" sizes=\"(max-width: 500px) 100vw, 500px\" \/>\t\t<\/div>\n\t\t\t\t<div class=\"elementor-portfolio-item__overlay\">\n\t\t\t\t<h3 class=\"elementor-portfolio-item__title\">\n\t\tCovid-19 expliqu\u00e9 aux enfants\t\t<\/h3>\n\t\t\t\t<\/div>\n\t\t\t\t<\/a>\n\t\t<\/article>\n\t\t\t\t<article class=\"elementor-portfolio-item elementor-post  post-393 post type-post status-publish format-standard hentry category-primaire\">\n\t\t\t<a class=\"elementor-post__thumbnail__link\" href=\"https:\/\/charneux.be\/preprod\/presentation-de-textes-informatifs-en-cinquieme-annee\/\">\n\t\t\t\t<div class=\"elementor-portfolio-item__img elementor-post__thumbnail\">\n\t\t\t\t\t<\/div>\n\t\t\t\t<div class=\"elementor-portfolio-item__overlay\">\n\t\t\t\t<h3 class=\"elementor-portfolio-item__title\">\n\t\tPr\u00e9sentation de textes informatifs en cinqui\u00e8me ann\u00e9e\t\t<\/h3>\n\t\t\t\t<\/div>\n\t\t\t\t<\/a>\n\t\t<\/article>\n\t\t\t\t<article class=\"elementor-portfolio-item elementor-post  post-375 post type-post status-publish format-standard has-post-thumbnail hentry category-ecole category-primaire\">\n\t\t\t<a class=\"elementor-post__thumbnail__link\" href=\"https:\/\/charneux.be\/preprod\/la-fete-des-100-jours-en-p2\/\">\n\t\t\t\t<div class=\"elementor-portfolio-item__img elementor-post__thumbnail\">\n\t\t\t<img loading=\"lazy\" decoding=\"async\" width=\"480\" height=\"360\" src=\"https:\/\/charneux.be\/preprod\/wp-content\/uploads\/2020\/03\/89047136_562252371047249_5666836101529075712_n.jpg\" class=\"attachment-featured-image size-featured-image wp-image-384\" alt=\"\" srcset=\"https:\/\/charneux.be\/preprod\/wp-content\/uploads\/2020\/03\/89047136_562252371047249_5666836101529075712_n.jpg 480w, https:\/\/charneux.be\/preprod\/wp-content\/uploads\/2020\/03\/89047136_562252371047249_5666836101529075712_n-300x225.jpg 300w\" sizes=\"(max-width: 480px) 100vw, 480px\" \/>\t\t<\/div>\n\t\t\t\t<div class=\"elementor-portfolio-item__overlay\">\n\t\t\t\t<h3 class=\"elementor-portfolio-item__title\">\n\t\tLa f\u00eate des 100 jours en P2\t\t<\/h3>\n\t\t\t\t<\/div>\n\t\t\t\t<\/a>\n\t\t<\/article>\n\t\t\t\t<article class=\"elementor-portfolio-item elementor-post  post-365 post type-post status-publish format-standard has-post-thumbnail hentry category-ecole category-primaire\">\n\t\t\t<a class=\"elementor-post__thumbnail__link\" href=\"https:\/\/charneux.be\/preprod\/les-eleves-de-p2-en-classes-deau\/\">\n\t\t\t\t<div class=\"elementor-portfolio-item__img elementor-post__thumbnail\">\n\t\t\t<img loading=\"lazy\" decoding=\"async\" width=\"500\" height=\"375\" src=\"https:\/\/charneux.be\/preprod\/wp-content\/uploads\/2020\/03\/83334983_178061873462359_4846701260155387904_n.jpg\" class=\"attachment-featured-image size-featured-image wp-image-367\" alt=\"\" srcset=\"https:\/\/charneux.be\/preprod\/wp-content\/uploads\/2020\/03\/83334983_178061873462359_4846701260155387904_n.jpg 2048w, https:\/\/charneux.be\/preprod\/wp-content\/uploads\/2020\/03\/83334983_178061873462359_4846701260155387904_n-300x225.jpg 300w, https:\/\/charneux.be\/preprod\/wp-content\/uploads\/2020\/03\/83334983_178061873462359_4846701260155387904_n-768x576.jpg 768w, https:\/\/charneux.be\/preprod\/wp-content\/uploads\/2020\/03\/83334983_178061873462359_4846701260155387904_n-1024x768.jpg 1024w\" sizes=\"(max-width: 500px) 100vw, 500px\" \/>\t\t<\/div>\n\t\t\t\t<div class=\"elementor-portfolio-item__overlay\">\n\t\t\t\t<h3 class=\"elementor-portfolio-item__title\">\n\t\tLes \u00e9l\u00e8ves de P2 en classes d&rsquo;eau\t\t<\/h3>\n\t\t\t\t<\/div>\n\t\t\t\t<\/a>\n\t\t<\/article>\n\t\t\t\t<article class=\"elementor-portfolio-item elementor-post  post-351 post type-post status-publish format-standard has-post-thumbnail hentry category-ecole category-primaire\">\n\t\t\t<a class=\"elementor-post__thumbnail__link\" href=\"https:\/\/charneux.be\/preprod\/les-p2-en-visite-au-cabinet-dentaire-disabelle-randaxhe\/\">\n\t\t\t\t<div class=\"elementor-portfolio-item__img elementor-post__thumbnail\">\n\t\t\t<img loading=\"lazy\" decoding=\"async\" width=\"375\" height=\"500\" src=\"https:\/\/charneux.be\/preprod\/wp-content\/uploads\/2020\/02\/P1110336-e1582671737498.jpg\" class=\"attachment-featured-image size-featured-image wp-image-353\" alt=\"\" srcset=\"https:\/\/charneux.be\/preprod\/wp-content\/uploads\/2020\/02\/P1110336-e1582671737498.jpg 1536w, https:\/\/charneux.be\/preprod\/wp-content\/uploads\/2020\/02\/P1110336-e1582671737498-225x300.jpg 225w, https:\/\/charneux.be\/preprod\/wp-content\/uploads\/2020\/02\/P1110336-e1582671737498-768x1024.jpg 768w\" sizes=\"(max-width: 375px) 100vw, 375px\" \/>\t\t<\/div>\n\t\t\t\t<div class=\"elementor-portfolio-item__overlay\">\n\t\t\t\t<h3 class=\"elementor-portfolio-item__title\">\n\t\tLes P2 en visite au cabinet dentaire d&rsquo;Isabelle Randaxhe\t\t<\/h3>\n\t\t\t\t<\/div>\n\t\t\t\t<\/a>\n\t\t<\/article>\n\t\t\t\t<article class=\"elementor-portfolio-item elementor-post elementor-filter-7 post-341 post type-post status-publish format-standard has-post-thumbnail hentry category-primaire tag-andre-lit-du-bout-des-doigts-lecriture-braille\">\n\t\t\t<a class=\"elementor-post__thumbnail__link\" href=\"https:\/\/charneux.be\/preprod\/monsieur-andre-est-aveugle-mais-pas-si-different\/\">\n\t\t\t\t<div class=\"elementor-portfolio-item__img elementor-post__thumbnail\">\n\t\t\t<img loading=\"lazy\" decoding=\"async\" width=\"500\" height=\"375\" src=\"https:\/\/charneux.be\/preprod\/wp-content\/uploads\/2020\/02\/P1110325.jpg\" class=\"attachment-featured-image size-featured-image wp-image-345\" alt=\"Monsieur Andr\u00e9 joue tr\u00e8s bien de la guitare. Il a appris seul\" srcset=\"https:\/\/charneux.be\/preprod\/wp-content\/uploads\/2020\/02\/P1110325.jpg 2048w, https:\/\/charneux.be\/preprod\/wp-content\/uploads\/2020\/02\/P1110325-300x225.jpg 300w, https:\/\/charneux.be\/preprod\/wp-content\/uploads\/2020\/02\/P1110325-768x576.jpg 768w, https:\/\/charneux.be\/preprod\/wp-content\/uploads\/2020\/02\/P1110325-1024x768.jpg 1024w\" sizes=\"(max-width: 500px) 100vw, 500px\" \/>\t\t<\/div>\n\t\t\t\t<div class=\"elementor-portfolio-item__overlay\">\n\t\t\t\t<h3 class=\"elementor-portfolio-item__title\">\n\t\tMonsieur Andr\u00e9 est aveugle, mais pas si diff\u00e9rent !\t\t<\/h3>\n\t\t\t\t<\/div>\n\t\t\t\t<\/a>\n\t\t<\/article>\n\t\t\t\t<article class=\"elementor-portfolio-item elementor-post  post-338 post type-post status-publish format-standard hentry category-ecole category-maternelle category-primaire\">\n\t\t\t<a class=\"elementor-post__thumbnail__link\" href=\"https:\/\/charneux.be\/preprod\/carnaval-2020\/\">\n\t\t\t\t<div class=\"elementor-portfolio-item__img elementor-post__thumbnail\">\n\t\t\t\t\t<\/div>\n\t\t\t\t<div class=\"elementor-portfolio-item__overlay\">\n\t\t\t\t<h3 class=\"elementor-portfolio-item__title\">\n\t\tCarnaval 2020\t\t<\/h3>\n\t\t\t\t<\/div>\n\t\t\t\t<\/a>\n\t\t<\/article>\n\t\t\t\t<article class=\"elementor-portfolio-item elementor-post  post-335 post type-post status-publish format-standard hentry category-primaire\">\n\t\t\t<a class=\"elementor-post__thumbnail__link\" href=\"https:\/\/charneux.be\/preprod\/notre-visite-a-latelier-de-coutellerie-de-m-colla\/\">\n\t\t\t\t<div class=\"elementor-portfolio-item__img elementor-post__thumbnail\">\n\t\t\t\t\t<\/div>\n\t\t\t\t<div class=\"elementor-portfolio-item__overlay\">\n\t\t\t\t<h3 class=\"elementor-portfolio-item__title\">\n\t\tNotre visite \u00e0 l&rsquo;atelier de coutellerie de M Colla\t\t<\/h3>\n\t\t\t\t<\/div>\n\t\t\t\t<\/a>\n\t\t<\/article>\n\t\t\t\t<article class=\"elementor-portfolio-item elementor-post  post-318 post type-post status-publish format-standard hentry category-maternelle category-non-classe\">\n\t\t\t<a class=\"elementor-post__thumbnail__link\" href=\"https:\/\/charneux.be\/preprod\/ose-le-vert3\/\">\n\t\t\t\t<div class=\"elementor-portfolio-item__img elementor-post__thumbnail\">\n\t\t\t\t\t<\/div>\n\t\t\t\t<div class=\"elementor-portfolio-item__overlay\">\n\t\t\t\t<h3 class=\"elementor-portfolio-item__title\">\n\t\tSuite du projet \u00ab\u00a0Ose le vert\u00a0\u00bb \u00e0 l&rsquo;\u00e9cole maternelle\t\t<\/h3>\n\t\t\t\t<\/div>\n\t\t\t\t<\/a>\n\t\t<\/article>\n\t\t\t\t<article class=\"elementor-portfolio-item elementor-post  post-290 post type-post status-publish format-standard hentry category-primaire category-non-classe\">\n\t\t\t<a class=\"elementor-post__thumbnail__link\" href=\"https:\/\/charneux.be\/preprod\/les-eleves-de-p2-apprennent-a-jouer-aux-echecs\/\">\n\t\t\t\t<div class=\"elementor-portfolio-item__img elementor-post__thumbnail\">\n\t\t\t\t\t<\/div>\n\t\t\t\t<div class=\"elementor-portfolio-item__overlay\">\n\t\t\t\t<h3 class=\"elementor-portfolio-item__title\">\n\t\tLes \u00e9l\u00e8ves de P2 apprennent \u00e0 jouer aux \u00e9checs.\t\t<\/h3>\n\t\t\t\t<\/div>\n\t\t\t\t<\/a>\n\t\t<\/article>\n\t\t\t\t<article class=\"elementor-portfolio-item elementor-post  post-282 post type-post status-publish format-standard hentry category-primaire\">\n\t\t\t<a class=\"elementor-post__thumbnail__link\" href=\"https:\/\/charneux.be\/preprod\/journee-a-liege-avec-les-5e-et-6e\/\">\n\t\t\t\t<div class=\"elementor-portfolio-item__img elementor-post__thumbnail\">\n\t\t\t\t\t<\/div>\n\t\t\t\t<div class=\"elementor-portfolio-item__overlay\">\n\t\t\t\t<h3 class=\"elementor-portfolio-item__title\">\n\t\tJourn\u00e9e \u00e0 Li\u00e8ge avec les 5e et 6e\t\t<\/h3>\n\t\t\t\t<\/div>\n\t\t\t\t<\/a>\n\t\t<\/article>\n\t\t\t\t<article class=\"elementor-portfolio-item elementor-post  post-277 post type-post status-publish format-standard hentry category-primaire\">\n\t\t\t<a class=\"elementor-post__thumbnail__link\" href=\"https:\/\/charneux.be\/preprod\/concert-de-noel-14-decembre-2019\/\">\n\t\t\t\t<div class=\"elementor-portfolio-item__img elementor-post__thumbnail\">\n\t\t\t\t\t<\/div>\n\t\t\t\t<div class=\"elementor-portfolio-item__overlay\">\n\t\t\t\t<h3 class=\"elementor-portfolio-item__title\">\n\t\tConcert de No\u00ebl 14 d\u00e9cembre 2019\t\t<\/h3>\n\t\t\t\t<\/div>\n\t\t\t\t<\/a>\n\t\t<\/article>\n\t\t\t\t<article class=\"elementor-portfolio-item elementor-post  post-273 post type-post status-publish format-standard hentry category-primaire\">\n\t\t\t<a class=\"elementor-post__thumbnail__link\" href=\"https:\/\/charneux.be\/preprod\/projet-ecole-zero-watt\/\">\n\t\t\t\t<div class=\"elementor-portfolio-item__img elementor-post__thumbnail\">\n\t\t\t\t\t<\/div>\n\t\t\t\t<div class=\"elementor-portfolio-item__overlay\">\n\t\t\t\t<h3 class=\"elementor-portfolio-item__title\">\n\t\tProjet \u00e9cole z\u00e9ro watt\t\t<\/h3>\n\t\t\t\t<\/div>\n\t\t\t\t<\/a>\n\t\t<\/article>\n\t\t\t\t<article class=\"elementor-portfolio-item elementor-post  post-271 post type-post status-publish format-standard hentry category-primaire\">\n\t\t\t<a class=\"elementor-post__thumbnail__link\" href=\"https:\/\/charneux.be\/preprod\/ateliers-octofun-en-4e-et-5e\/\">\n\t\t\t\t<div class=\"elementor-portfolio-item__img elementor-post__thumbnail\">\n\t\t\t\t\t<\/div>\n\t\t\t\t<div class=\"elementor-portfolio-item__overlay\">\n\t\t\t\t<h3 class=\"elementor-portfolio-item__title\">\n\t\tAteliers OCTOFUN en 4e et 5e\t\t<\/h3>\n\t\t\t\t<\/div>\n\t\t\t\t<\/a>\n\t\t<\/article>\n\t\t\t\t<article class=\"elementor-portfolio-item elementor-post  post-262 post type-post status-publish format-standard hentry category-ecole\">\n\t\t\t<a class=\"elementor-post__thumbnail__link\" href=\"https:\/\/charneux.be\/preprod\/dejeuner-dautomne\/\">\n\t\t\t\t<div class=\"elementor-portfolio-item__img elementor-post__thumbnail\">\n\t\t\t\t\t<\/div>\n\t\t\t\t<div class=\"elementor-portfolio-item__overlay\">\n\t\t\t\t<h3 class=\"elementor-portfolio-item__title\">\n\t\tD\u00e9jeuner d&rsquo;automne\t\t<\/h3>\n\t\t\t\t<\/div>\n\t\t\t\t<\/a>\n\t\t<\/article>\n\t\t\t\t<article class=\"elementor-portfolio-item elementor-post  post-259 post type-post status-publish format-standard hentry category-primaire\">\n\t\t\t<a class=\"elementor-post__thumbnail__link\" href=\"https:\/\/charneux.be\/preprod\/les-eleves-de-cinquieme-passent-aux-niouzz\/\">\n\t\t\t\t<div class=\"elementor-portfolio-item__img elementor-post__thumbnail\">\n\t\t\t\t\t<\/div>\n\t\t\t\t<div class=\"elementor-portfolio-item__overlay\">\n\t\t\t\t<h3 class=\"elementor-portfolio-item__title\">\n\t\tLes \u00e9l\u00e8ves de cinqui\u00e8me passent aux Niouzz !\t\t<\/h3>\n\t\t\t\t<\/div>\n\t\t\t\t<\/a>\n\t\t<\/article>\n\t\t\t\t<article class=\"elementor-portfolio-item elementor-post  post-242 post type-post status-publish format-standard has-post-thumbnail hentry category-maternelle category-primaire\">\n\t\t\t<a class=\"elementor-post__thumbnail__link\" href=\"https:\/\/charneux.be\/preprod\/apres-midi-jeux-de-societe\/\">\n\t\t\t\t<div class=\"elementor-portfolio-item__img elementor-post__thumbnail\">\n\t\t\t<img loading=\"lazy\" decoding=\"async\" width=\"500\" height=\"375\" src=\"https:\/\/charneux.be\/preprod\/wp-content\/uploads\/2019\/10\/P1030132.jpg\" class=\"attachment-featured-image size-featured-image wp-image-245\" alt=\"\" srcset=\"https:\/\/charneux.be\/preprod\/wp-content\/uploads\/2019\/10\/P1030132.jpg 5184w, https:\/\/charneux.be\/preprod\/wp-content\/uploads\/2019\/10\/P1030132-300x225.jpg 300w, https:\/\/charneux.be\/preprod\/wp-content\/uploads\/2019\/10\/P1030132-768x576.jpg 768w, https:\/\/charneux.be\/preprod\/wp-content\/uploads\/2019\/10\/P1030132-1024x768.jpg 1024w\" sizes=\"(max-width: 500px) 100vw, 500px\" \/>\t\t<\/div>\n\t\t\t\t<div class=\"elementor-portfolio-item__overlay\">\n\t\t\t\t<h3 class=\"elementor-portfolio-item__title\">\n\t\tApr\u00e8s-midi jeux de soci\u00e9t\u00e9\t\t<\/h3>\n\t\t\t\t<\/div>\n\t\t\t\t<\/a>\n\t\t<\/article>\n\t\t\t\t<article class=\"elementor-portfolio-item elementor-post  post-231 post type-post status-publish format-standard has-post-thumbnail hentry category-maternelle category-primaire\">\n\t\t\t<a class=\"elementor-post__thumbnail__link\" href=\"https:\/\/charneux.be\/preprod\/emile-le-serpent-mobile\/\">\n\t\t\t\t<div class=\"elementor-portfolio-item__img elementor-post__thumbnail\">\n\t\t\t<img loading=\"lazy\" decoding=\"async\" width=\"500\" height=\"375\" src=\"https:\/\/charneux.be\/preprod\/wp-content\/uploads\/2019\/10\/P1030011.jpg\" class=\"attachment-featured-image size-featured-image wp-image-233\" alt=\"\" srcset=\"https:\/\/charneux.be\/preprod\/wp-content\/uploads\/2019\/10\/P1030011.jpg 5184w, https:\/\/charneux.be\/preprod\/wp-content\/uploads\/2019\/10\/P1030011-300x225.jpg 300w, https:\/\/charneux.be\/preprod\/wp-content\/uploads\/2019\/10\/P1030011-768x576.jpg 768w, https:\/\/charneux.be\/preprod\/wp-content\/uploads\/2019\/10\/P1030011-1024x768.jpg 1024w\" sizes=\"(max-width: 500px) 100vw, 500px\" \/>\t\t<\/div>\n\t\t\t\t<div class=\"elementor-portfolio-item__overlay\">\n\t\t\t\t<h3 class=\"elementor-portfolio-item__title\">\n\t\tEmile, le serpent mobile\t\t<\/h3>\n\t\t\t\t<\/div>\n\t\t\t\t<\/a>\n\t\t<\/article>\n\t\t\t\t<article class=\"elementor-portfolio-item elementor-post  post-211 post type-post status-publish format-standard has-post-thumbnail hentry category-primaire\">\n\t\t\t<a class=\"elementor-post__thumbnail__link\" href=\"https:\/\/charneux.be\/preprod\/chanson-des-amis-de-10\/\">\n\t\t\t\t<div class=\"elementor-portfolio-item__img elementor-post__thumbnail\">\n\t\t\t<img loading=\"lazy\" decoding=\"async\" width=\"236\" height=\"176\" src=\"https:\/\/charneux.be\/preprod\/wp-content\/uploads\/2019\/09\/06b616779a89ec4882cb08b5afb15662-top-cutest-animals-le-panda.jpg\" class=\"attachment-featured-image size-featured-image wp-image-215\" alt=\"\" \/>\t\t<\/div>\n\t\t\t\t<div class=\"elementor-portfolio-item__overlay\">\n\t\t\t\t<h3 class=\"elementor-portfolio-item__title\">\n\t\tChanson des amis de 10\t\t<\/h3>\n\t\t\t\t<\/div>\n\t\t\t\t<\/a>\n\t\t<\/article>\n\t\t\t\t<article class=\"elementor-portfolio-item elementor-post  post-207 post type-post status-publish format-standard has-post-thumbnail hentry category-primaire\">\n\t\t\t<a class=\"elementor-post__thumbnail__link\" href=\"https:\/\/charneux.be\/preprod\/journee-daccueil\/\">\n\t\t\t\t<div class=\"elementor-portfolio-item__img elementor-post__thumbnail\">\n\t\t\t<img loading=\"lazy\" decoding=\"async\" width=\"500\" height=\"375\" src=\"https:\/\/charneux.be\/preprod\/wp-content\/uploads\/2019\/09\/IMG_0981.jpg\" class=\"attachment-featured-image size-featured-image wp-image-226\" alt=\"\" srcset=\"https:\/\/charneux.be\/preprod\/wp-content\/uploads\/2019\/09\/IMG_0981.jpg 4032w, https:\/\/charneux.be\/preprod\/wp-content\/uploads\/2019\/09\/IMG_0981-300x225.jpg 300w, https:\/\/charneux.be\/preprod\/wp-content\/uploads\/2019\/09\/IMG_0981-768x576.jpg 768w, https:\/\/charneux.be\/preprod\/wp-content\/uploads\/2019\/09\/IMG_0981-1024x768.jpg 1024w\" sizes=\"(max-width: 500px) 100vw, 500px\" \/>\t\t<\/div>\n\t\t\t\t<div class=\"elementor-portfolio-item__overlay\">\n\t\t\t\t<h3 class=\"elementor-portfolio-item__title\">\n\t\tJourn\u00e9e d&rsquo;accueil\t\t<\/h3>\n\t\t\t\t<\/div>\n\t\t\t\t<\/a>\n\t\t<\/article>\n\t\t\t\t<article class=\"elementor-portfolio-item elementor-post  post-100 post type-post status-publish format-standard hentry category-ecole category-maternelle category-primaire\">\n\t\t\t<a class=\"elementor-post__thumbnail__link\" href=\"https:\/\/charneux.be\/preprod\/en-construction\/\">\n\t\t\t\t<div class=\"elementor-portfolio-item__img elementor-post__thumbnail\">\n\t\t\t\t\t<\/div>\n\t\t\t\t<div class=\"elementor-portfolio-item__overlay\">\n\t\t\t\t<h3 class=\"elementor-portfolio-item__title\">\n\t\tEn construction&#8230;\t\t<\/h3>\n\t\t\t\t<\/div>\n\t\t\t\t<\/a>\n\t\t<\/article>\n\t\t\t\t<\/div>\n\t\t\t\t<\/div>\n\t\t\t\t<\/div>\n\t\t\t\t\t<\/div>\n\t\t\t\t<\/div>\n\t\t\t\t<\/div>\n\t\t","protected":false},"excerpt":{"rendered":"","protected":false},"author":30,"featured_media":0,"parent":0,"menu_order":0,"comment_status":"closed","ping_status":"closed","template":"","meta":{"footnotes":""},"class_list":["post-2900","page","type-page","status-publish","hentry"],"yoast_head":"<!-- This site is optimized with the Yoast SEO plugin v23.6 - https:\/\/yoast.com\/wordpress\/plugins\/seo\/ -->\n<title>Articles - Charneux<\/title>\n<meta name=\"robots\" content=\"noindex, follow, max-snippet:-1, max-image-preview:large, max-video-preview:-1\" \/>\n<meta property=\"og:locale\" content=\"fr_FR\" \/>\n<meta property=\"og:type\" content=\"article\" \/>\n<meta property=\"og:title\" content=\"Articles - Charneux\" \/>\n<meta property=\"og:url\" content=\"https:\/\/charneux.be\/preprod\/articles\/\" \/>\n<meta property=\"og:site_name\" content=\"Charneux\" \/>\n<meta property=\"article:modified_time\" content=\"2024-10-18T20:08:36+00:00\" \/>\n<meta name=\"twitter:label1\" content=\"Dur\u00e9e de lecture estim\u00e9e\" \/>\n\t<meta name=\"twitter:data1\" content=\"13 minutes\" \/>\n<script type=\"application\/ld+json\" class=\"yoast-schema-graph\">{\"@context\":\"https:\/\/schema.org\",\"@graph\":[{\"@type\":\"WebPage\",\"@id\":\"https:\/\/charneux.be\/preprod\/articles\/\",\"url\":\"https:\/\/charneux.be\/preprod\/articles\/\",\"name\":\"Articles - Charneux\",\"isPartOf\":{\"@id\":\"https:\/\/charneux.be\/preprod\/#website\"},\"datePublished\":\"2024-10-18T19:53:02+00:00\",\"dateModified\":\"2024-10-18T20:08:36+00:00\",\"breadcrumb\":{\"@id\":\"https:\/\/charneux.be\/preprod\/articles\/#breadcrumb\"},\"inLanguage\":\"fr-FR\",\"potentialAction\":[{\"@type\":\"ReadAction\",\"target\":[\"https:\/\/charneux.be\/preprod\/articles\/\"]}]},{\"@type\":\"BreadcrumbList\",\"@id\":\"https:\/\/charneux.be\/preprod\/articles\/#breadcrumb\",\"itemListElement\":[{\"@type\":\"ListItem\",\"position\":1,\"name\":\"Accueil\",\"item\":\"https:\/\/charneux.be\/preprod\/\"},{\"@type\":\"ListItem\",\"position\":2,\"name\":\"Articles\"}]},{\"@type\":\"WebSite\",\"@id\":\"https:\/\/charneux.be\/preprod\/#website\",\"url\":\"https:\/\/charneux.be\/preprod\/\",\"name\":\"Charneux\",\"description\":\"\",\"publisher\":{\"@id\":\"https:\/\/charneux.be\/preprod\/#organization\"},\"potentialAction\":[{\"@type\":\"SearchAction\",\"target\":{\"@type\":\"EntryPoint\",\"urlTemplate\":\"https:\/\/charneux.be\/preprod\/?s={search_term_string}\"},\"query-input\":{\"@type\":\"PropertyValueSpecification\",\"valueRequired\":true,\"valueName\":\"search_term_string\"}}],\"inLanguage\":\"fr-FR\"},{\"@type\":\"Organization\",\"@id\":\"https:\/\/charneux.be\/preprod\/#organization\",\"name\":\"Ecole libre de Charneux\",\"url\":\"https:\/\/charneux.be\/preprod\/\",\"logo\":{\"@type\":\"ImageObject\",\"inLanguage\":\"fr-FR\",\"@id\":\"https:\/\/charneux.be\/preprod\/#\/schema\/logo\/image\/\",\"url\":\"https:\/\/charneux.be\/preprod\/wp-content\/uploads\/2024\/08\/cropped-Logo-bleu.png\",\"contentUrl\":\"https:\/\/charneux.be\/preprod\/wp-content\/uploads\/2024\/08\/cropped-Logo-bleu.png\",\"width\":480,\"height\":799,\"caption\":\"Ecole libre de Charneux\"},\"image\":{\"@id\":\"https:\/\/charneux.be\/preprod\/#\/schema\/logo\/image\/\"}}]}<\/script>\n<!-- \/ Yoast SEO plugin. -->","yoast_head_json":{"title":"Articles - Charneux","robots":{"index":"noindex","follow":"follow","max-snippet":"max-snippet:-1","max-image-preview":"max-image-preview:large","max-video-preview":"max-video-preview:-1"},"og_locale":"fr_FR","og_type":"article","og_title":"Articles - Charneux","og_url":"https:\/\/charneux.be\/preprod\/articles\/","og_site_name":"Charneux","article_modified_time":"2024-10-18T20:08:36+00:00","twitter_misc":{"Dur\u00e9e de lecture estim\u00e9e":"13 minutes"},"schema":{"@context":"https:\/\/schema.org","@graph":[{"@type":"WebPage","@id":"https:\/\/charneux.be\/preprod\/articles\/","url":"https:\/\/charneux.be\/preprod\/articles\/","name":"Articles - Charneux","isPartOf":{"@id":"https:\/\/charneux.be\/preprod\/#website"},"datePublished":"2024-10-18T19:53:02+00:00","dateModified":"2024-10-18T20:08:36+00:00","breadcrumb":{"@id":"https:\/\/charneux.be\/preprod\/articles\/#breadcrumb"},"inLanguage":"fr-FR","potentialAction":[{"@type":"ReadAction","target":["https:\/\/charneux.be\/preprod\/articles\/"]}]},{"@type":"BreadcrumbList","@id":"https:\/\/charneux.be\/preprod\/articles\/#breadcrumb","itemListElement":[{"@type":"ListItem","position":1,"name":"Accueil","item":"https:\/\/charneux.be\/preprod\/"},{"@type":"ListItem","position":2,"name":"Articles"}]},{"@type":"WebSite","@id":"https:\/\/charneux.be\/preprod\/#website","url":"https:\/\/charneux.be\/preprod\/","name":"Charneux","description":"","publisher":{"@id":"https:\/\/charneux.be\/preprod\/#organization"},"potentialAction":[{"@type":"SearchAction","target":{"@type":"EntryPoint","urlTemplate":"https:\/\/charneux.be\/preprod\/?s={search_term_string}"},"query-input":{"@type":"PropertyValueSpecification","valueRequired":true,"valueName":"search_term_string"}}],"inLanguage":"fr-FR"},{"@type":"Organization","@id":"https:\/\/charneux.be\/preprod\/#organization","name":"Ecole libre de Charneux","url":"https:\/\/charneux.be\/preprod\/","logo":{"@type":"ImageObject","inLanguage":"fr-FR","@id":"https:\/\/charneux.be\/preprod\/#\/schema\/logo\/image\/","url":"https:\/\/charneux.be\/preprod\/wp-content\/uploads\/2024\/08\/cropped-Logo-bleu.png","contentUrl":"https:\/\/charneux.be\/preprod\/wp-content\/uploads\/2024\/08\/cropped-Logo-bleu.png","width":480,"height":799,"caption":"Ecole libre de Charneux"},"image":{"@id":"https:\/\/charneux.be\/preprod\/#\/schema\/logo\/image\/"}}]}},"_links":{"self":[{"href":"https:\/\/charneux.be\/preprod\/wp-json\/wp\/v2\/pages\/2900","targetHints":{"allow":["GET"]}}],"collection":[{"href":"https:\/\/charneux.be\/preprod\/wp-json\/wp\/v2\/pages"}],"about":[{"href":"https:\/\/charneux.be\/preprod\/wp-json\/wp\/v2\/types\/page"}],"author":[{"embeddable":true,"href":"https:\/\/charneux.be\/preprod\/wp-json\/wp\/v2\/users\/30"}],"replies":[{"embeddable":true,"href":"https:\/\/charneux.be\/preprod\/wp-json\/wp\/v2\/comments?post=2900"}],"version-history":[{"count":10,"href":"https:\/\/charneux.be\/preprod\/wp-json\/wp\/v2\/pages\/2900\/revisions"}],"predecessor-version":[{"id":2920,"href":"https:\/\/charneux.be\/preprod\/wp-json\/wp\/v2\/pages\/2900\/revisions\/2920"}],"wp:attachment":[{"href":"https:\/\/charneux.be\/preprod\/wp-json\/wp\/v2\/media?parent=2900"}],"curies":[{"name":"wp","href":"https:\/\/api.w.org\/{rel}","templated":true}]}}